{"id":56128,"date":"2024-05-01T22:17:00","date_gmt":"2024-05-01T20:17:00","guid":{"rendered":"https:\/\/www.immobilientoskana.com\/immo\/spazioso-appartamento-con-vista-da-sogno-sulla-toscana\/"},"modified":"2026-04-21T07:56:13","modified_gmt":"2026-04-21T05:56:13","slug":"spazioso-appartamento-con-vista-da-sogno-sulla-toscana","status":"publish","type":"property","link":"https:\/\/www.immobilientoskana.com\/it\/immo\/spazioso-appartamento-con-vista-da-sogno-sulla-toscana\/","title":{"rendered":"Spazioso appartamento con vista da sogno sulla Toscana"},"content":{"rendered":"<div class=\"su-row\"><div class=\"su-column su-column-size-1-2\"><div class=\"su-column-inner su-u-clearfix su-u-trim\">\n<p>Questa vista \u00e8 sensazionale! Il meraviglioso e spazioso appartamento colpisce per la sua fantastica vista sulla campagna toscana fino alla costa della Versilia, la piana di Pisa con la sua torre pendente e le Alpi Apuane. Soprattutto, i tramonti dal balcone sul mare, a circa 30 chilometri di distanza, sono uno spettacolo di cui non potrai mai fare a meno. Inoltre, hai una vista sul terreno del giardino, che si trova proprio accanto alla casa e ha una superficie di 1600 m\u00b2. Potresti anche costruirci una &#8220;piscina fuori terra&#8221;. Grazie alla pendenza dell&#8217;appezzamento, probabilmente potrebbe essere costruita in modo da sembrare quasi a livello del terreno.<\/p>\n<p>Si accede all&#8217;appartamento attraverso una piccola stanza, che pu\u00f2 essere utilizzata come corridoio o come area per gli ospiti, con un divano letto e una porta-finestra che apre la stessa incantevole vista. Da l\u00ec si accede alla cucina abitabile. La cucina sorprende per la sua ampiezza e per il buon gusto con cui \u00e8 arredata. La cucina \u00e8 stata progettata autonomamente ed \u00e8 stata curata nei minimi dettagli. L&#8217;intero interno \u00e8 volutamente funzionale e semplice.<\/p>\n<\/div><\/div> <div class=\"su-column su-column-size-1-2\"><div class=\"su-column-inner su-u-clearfix su-u-trim\">\n<p>A destra della cucina abitabile si trova un balcone di circa 4 m\u00b2, che \u00e8 sicuramente lo spazio pi\u00f9 utilizzato. A sinistra si trova l&#8217;imponente sala del camino con accesso al primo bagno. Il camino \u00e8 chiuso e quindi riscalda particolarmente bene. Da questa stanza, la vista si estende sui tetti del piccolo paese e sulla sua stradina, lungo la quale si pu\u00f2 anche parcheggiare poco pi\u00f9 avanti.<\/p>\n<p>Dalla cucina\/soggiorno si accede anche alle due camere da letto e a un altro bagno. Una camera da letto si affaccia sull&#8217;alba e l&#8217;altra sul tramonto. L&#8217;appartamento \u00e8 stato ristrutturato e rinnovato negli ultimi sei anni, ha soffitti con travi in legno e speciali finestre ad alta efficienza energetica. Queste finestre impediscono al calore di uscire in estate e al freddo di entrare in inverno. Tutte le camere sono dotate di aria condizionata\/riscaldamento. Un&#8217;atmosfera accogliente garantita!<\/p>\n<p>Classe energetica D<\/p>\n<\/div><\/div><\/div>\n<hr>\n<div class=\"su-row\"><div class=\"su-column su-column-size-1-2\"><div class=\"su-column-inner su-u-clearfix su-u-trim\">\n<h4>Tour della casa<\/h4>\n<p>Galleria di immagini (40 foto)<\/p>\n\t\r\n\t\t<div id=\"boxGallery\" class=\"g-box57133 Gallery-container gallery-box gbox-font\">\r\n\t\t\t<!-- Regular images -->\r\n\t\t<script type=\"text\/javascript\">\r\n\r\n(function ($) {\r\n\t\"use strict\";\r\n    $(document).ready(function(){\r\n       \/\/lightbox opions\r\n         $('.gb-light').venobox({\r\n        border: '0px',\r\n        bgcolor: '#d2d2d2',\r\n        spinColor: '#b6b6b6',  \r\n        spinner: 'double-bounce',   \r\n        titlePosition: 'bottom'   \r\n        }); \r\n\r\n   if ( $('.g-box57133').length > 0 )\r\n    {\r\n        var $gbox_smasonry57133 = $('.g-box57133').isotope({\r\n            itemSelector : '.gb-masonry57133',\r\n            \/\/masonry: {\r\n                \/\/columnWidth: '.grid-sizer'\r\n            \/\/}\r\n        });\r\n\r\n        $gbox_smasonry57133.imagesLoaded().progress( function() {\r\n            $gbox_smasonry57133.isotope('layout');\r\n            \r\n        });\r\n\r\n    }\/\/check image not empty\r\n\r\n\r\n    });\r\n}(jQuery));\t\r\n\r\n<\/script>\r\n<style type=\"text\/css\">\r\n\r\n\t#boxGallery .iframe-gallery57133 h2{\r\n\t\tcolor: #ffffff;\r\n\t\tfont-size: 17px;\r\n\t\ttext-transform: uppercase;\r\n\t\tpadding: 20px;\r\n\r\n\t}\r\n\t#boxGallery .iframe-gallery57133 h2:before{\r\n\t\tbackground-color: #000000;\r\n\t\topacity: 0.75;\r\n\r\n\t}\r\n\t#boxGallery .iframe-gallery57133.hover button.info,\r\n\t#boxGallery .iframe-gallery57133.hover .gbox-icon i{\r\n\t\t\tcolor: #ffffff;\r\n\t    \tborder: 1px solid #ffffff;\r\n\t    \tfont-size: 14px;\r\n\t\t}\r\n\r\n \r\n\r\n<\/style>\r\n\r\n\t\t<div class=\"gcolumn-3 iframe-gallery iframe-gallery57133 hover ehover5 gb-masonry57133\">\r\n\t\t<div class=\"gbox-margin gbox-iframe\">\r\n\t\t\t<a class=\"gb-light youlight\" data-vbtype=\"iframe\" href=\"https:\/\/www.immobilientoskana.com\/wp-content\/gallery\/grosszuegiges-apartment-mit-traumblick-in-die-toskana\" data-gall=\"iframeg57133\" title=\"Hausrundgang\/ Tour\/ Tour della casa\">\r\n\t\t\t\t\t<img decoding=\"async\" src=\"https:\/\/www.immobilientoskana.com\/wp-content\/uploads\/45_Apartmentmittraumblick.jpg\" alt=\"Hausrundgang\/ Tour\/ Tour della casa\" title=\"Hausrundgang\/ Tour\/ Tour della casa\" \/>\r\n\t\t\t \t\t\t<div class=\"overlay\">\r\n\t\t\t\t<h2>Hausrundgang\/ Tour\/ Tour della casa<\/h2>\r\n\t\t\t\t<button class=\"info\">\r\n\t\t\t\t\tBilder zeigen\/ Show pictures\/ Mostra immagini\t\t\t\t<\/button>\r\n\t\t\t<\/div>\r\n\t\t<\/a>\r\n\t\t<\/div>\r\n\t\t<\/div><!--# IFRAME gallery -->\r\n\t\t\t\t\r\n    <\/div>\r\n \r\n\r\n \r\n \n<p>&nbsp;<\/p>\n<\/div><\/div> <div class=\"su-column su-column-size-1-2\"><div class=\"su-column-inner su-u-clearfix su-u-trim\">\n<h4>Contattaci<\/h4>\n\n<div class=\"wpcf7 no-js\" id=\"wpcf7-f61966-o1\" lang=\"de-DE\" dir=\"ltr\" data-wpcf7-id=\"61966\">\n<div class=\"screen-reader-response\"><p role=\"status\" aria-live=\"polite\" aria-atomic=\"true\"><\/p> <ul><\/ul><\/div>\n<form action=\"\/it\/wp-json\/wp\/v2\/properties\/56128#wpcf7-f61966-o1\" method=\"post\" class=\"wpcf7-form init\" aria-label=\"Kontaktformular\" novalidate=\"novalidate\" data-status=\"init\">\n<fieldset class=\"hidden-fields-container\"><input type=\"hidden\" name=\"_wpcf7\" value=\"61966\" \/><input type=\"hidden\" name=\"_wpcf7_version\" value=\"6.1.5\" \/><input type=\"hidden\" name=\"_wpcf7_locale\" value=\"de_DE_formal\" \/><input type=\"hidden\" name=\"_wpcf7_unit_tag\" value=\"wpcf7-f61966-o1\" \/><input type=\"hidden\" name=\"_wpcf7_container_post\" value=\"0\" \/><input type=\"hidden\" name=\"_wpcf7_posted_data_hash\" value=\"\" \/>\n<\/fieldset>\n<p><label> Il tuo nome<br \/>\n<span class=\"wpcf7-form-control-wrap\" data-name=\"your-name\"><input size=\"40\" maxlength=\"400\" class=\"wpcf7-form-control wpcf7-text wpcf7-validates-as-required\" autocomplete=\"name\" aria-required=\"true\" aria-invalid=\"false\" value=\"\" type=\"text\" name=\"your-name\" \/><\/span> <\/label>\n<\/p>\n<p><label> Il tuo indirizzo e-mail<br \/>\n<span class=\"wpcf7-form-control-wrap\" data-name=\"your-email\"><input size=\"40\" maxlength=\"400\" class=\"wpcf7-form-control wpcf7-email wpcf7-validates-as-required wpcf7-text wpcf7-validates-as-email\" autocomplete=\"email\" aria-required=\"true\" aria-invalid=\"false\" value=\"\" type=\"email\" name=\"your-email\" \/><\/span> <\/label>\n<\/p>\n<p><label> Il tuo numero di telefono \u2013 si prega di inserire il prefisso internazionale (facoltativo)<br \/>\n<span class=\"wpcf7-form-control-wrap\" data-name=\"telnummer\"><input size=\"40\" maxlength=\"400\" class=\"wpcf7-form-control wpcf7-text\" aria-invalid=\"false\" value=\"\" type=\"text\" name=\"telnummer\" \/><\/span> <\/label>\n<\/p>\n<p><label> Il tuo messaggio (facoltativo)<br \/>\n<span class=\"wpcf7-form-control-wrap\" data-name=\"your-message\"><textarea cols=\"40\" rows=\"5\" maxlength=\"2000\" class=\"wpcf7-form-control wpcf7-textarea\" aria-invalid=\"false\" name=\"your-message\"><\/textarea><\/span> <\/label>\n<\/p>\n<p><span class=\"wpcf7-form-control-wrap\" data-name=\"acceptance-759\"><span class=\"wpcf7-form-control wpcf7-acceptance\"><span class=\"wpcf7-list-item\"><label><input type=\"checkbox\" name=\"acceptance-759\" value=\"1\" aria-invalid=\"false\" \/><span class=\"wpcf7-list-item-label\">Con la presente acconsento alla trasmissione dei miei dati a Toskana-Immobilien tramite il sito web (GDPR).<\/span><\/label><\/span><\/span><\/span>\n<\/p>\n<p><input class=\"wpcf7-form-control wpcf7-submit has-spinner\" type=\"submit\" value=\"invia\" \/>\n<\/p><div class=\"wpcf7-response-output\" aria-hidden=\"true\"><\/div>\n<\/form>\n<\/div>\n\n<\/div><\/div><\/div>\n<p>&nbsp;<\/p>\n<p><a href=\"https:\/\/www.immobilientoskana.com\/haus-toskana-freunde-finden-community-deutsch\/\" target=\"_blank\" rel=\"noopener\"><strong>Connettersi con persone simpatiche<\/strong><\/a> desiderata?<\/p>\n<p>&nbsp;<\/p>\n<p>&nbsp;<\/p>\n","protected":false},"excerpt":{"rendered":"<p>&nbsp; Connettersi con persone simpatiche desiderata? &nbsp; &nbsp;<\/p>\n","protected":false},"author":4,"featured_media":50355,"parent":0,"menu_order":0,"template":"","meta":{"content-type":"","_monsterinsights_skip_tracking":false,"_monsterinsights_sitenote_active":false,"_monsterinsights_sitenote_note":"","_monsterinsights_sitenote_category":0,"_uf_show_specific_survey":0,"_uf_disable_surveys":false,"ngg_post_thumbnail":0,"footnotes":""},"property_type":[181],"property_status":[168,169,134],"property_feature":[149,202,162,126,125],"property_label":[203],"property_state":[],"property_city":[123],"class_list":["post-56128","property","type-property","status-publish","has-post-thumbnail","hentry","property_type-piatto","property_status-di-lusso","property_status-mantenuto","property_status-rinnovato","property_feature-adatto-come-proprieta-per-le-vacanze","property_feature-aria-condizionata","property_feature-balcone","property_feature-camino","property_feature-parzialmente-arredato","property_label-centro-del-villaggio","property_city-pisa-it"],"property_meta":{"_wpml_media_duplicate":["1"],"_wpml_media_featured":["1"],"houzez_featured_listing_date":[""],"_top_nav_excluded":[""],"_cms_nav_minihome":[""],"_thumbnail_id":["50355"],"_wpml_word_count":["374"],"houzez_total_property_views":["253"],"houzez_views_by_date":["a:61:{s:10:\"01-03-2026\";i:1;s:10:\"01-05-2026\";i:1;s:10:\"01-08-2026\";i:1;s:10:\"01-09-2026\";i:1;s:10:\"01-10-2026\";i:2;s:10:\"01-11-2026\";i:3;s:10:\"01-13-2026\";i:2;s:10:\"01-14-2026\";i:2;s:10:\"01-15-2026\";i:2;s:10:\"01-16-2026\";i:4;s:10:\"01-17-2026\";i:1;s:10:\"01-18-2026\";i:1;s:10:\"01-19-2026\";i:2;s:10:\"01-20-2026\";i:1;s:10:\"01-21-2026\";i:1;s:10:\"01-25-2026\";i:5;s:10:\"02-01-2026\";i:5;s:10:\"02-02-2026\";i:3;s:10:\"02-03-2026\";i:2;s:10:\"02-06-2026\";i:2;s:10:\"02-07-2026\";i:2;s:10:\"02-10-2026\";i:1;s:10:\"02-11-2026\";i:1;s:10:\"02-16-2026\";i:2;s:10:\"02-18-2026\";i:3;s:10:\"02-19-2026\";i:2;s:10:\"02-20-2026\";i:1;s:10:\"02-22-2026\";i:1;s:10:\"02-24-2026\";i:1;s:10:\"02-25-2026\";i:1;s:10:\"03-03-2026\";i:1;s:10:\"03-04-2026\";i:2;s:10:\"03-06-2026\";i:1;s:10:\"03-11-2026\";i:3;s:10:\"03-12-2026\";i:3;s:10:\"03-14-2026\";i:1;s:10:\"03-15-2026\";i:2;s:10:\"03-16-2026\";i:2;s:10:\"03-19-2026\";i:1;s:10:\"03-21-2026\";i:3;s:10:\"03-22-2026\";i:1;s:10:\"03-23-2026\";i:1;s:10:\"03-24-2026\";i:2;s:10:\"03-25-2026\";i:1;s:10:\"03-27-2026\";i:2;s:10:\"04-01-2026\";i:1;s:10:\"04-02-2026\";i:1;s:10:\"04-03-2026\";i:1;s:10:\"04-05-2026\";i:2;s:10:\"04-07-2026\";i:1;s:10:\"04-11-2026\";i:1;s:10:\"04-13-2026\";i:1;s:10:\"04-16-2026\";i:1;s:10:\"04-17-2026\";i:1;s:10:\"04-18-2026\";i:1;s:10:\"04-19-2026\";i:2;s:10:\"04-20-2026\";i:2;s:10:\"04-21-2026\";i:3;s:10:\"04-24-2026\";i:2;s:10:\"04-25-2026\";i:1;s:10:\"04-26-2026\";i:3;}"],"houzez_recently_viewed":["2026-04-26 22:49:24"],"_edit_lock":["1776750902:1"],"_edit_last":["1"],"fave_show_price_placeholder":["0"],"fave_maklerprovision":["5 %"],"_monsterinsights_sitenote_active":["0"],"_uf_disable_surveys":[""],"houzez_manual_expire":["0"],"_houzez_expiration_date_status":["saved"],"houzez_geolocation_lat":["25.68654"],"houzez_geolocation_long":["-80.431345"],"_last_translation_edit_mode":["native-editor"],"_yoast_wpseo_primary_property_type":[""],"_yoast_wpseo_primary_property_status":[""],"_yoast_wpseo_primary_property_feature":[""],"_yoast_wpseo_primary_property_label":[""],"_yoast_wpseo_primary_property_state":[""],"_yoast_wpseo_primary_property_city":[""],"_yoast_wpseo_linkdex":["65"],"_yoast_wpseo_content_score":["60"],"_yoast_wpseo_estimated-reading-time-minutes":["3"],"_yoast_wpseo_metadesc":["143 m\u00b2 di superficie abitabile, vista fino a Pisa e al mare, cucina abitabile, balcone e camino, pi\u00f9 due camere da letto, EUR 255.000"],"_yoast_wpseo_focuskw":["Toscana piatta"],"fave_property_price":["255000"],"fave_property_size":["143"],"fave_property_size_prefix":["m\u00b2"],"fave_property_land":["1600"],"fave_property_land_postfix":["m\u00b2"],"fave_property_bedrooms":["2"],"fave_property_bathrooms":["2"],"fave_property_map":["1"],"fave_property_location":["25.68654,-80.431345,15"],"fave_property_map_street_view":["hide"],"fave_prop_homeslider":["no"],"fave_property_images":["48153","48150","48131","48124","48118"],"fave_featured":["0"],"fave_single_top_area":["global"],"fave_single_content_area":["global"],"_elementor_page_assets":["a:0:{}"]},"yoast_head":"<!-- This site is optimized with the Yoast SEO plugin v27.4 - https:\/\/yoast.com\/product\/yoast-seo-wordpress\/ -->\n<title>Spazioso appartamento con vista da sogno sulla Toscana - Toskana-Immobilien<\/title>\n<meta name=\"description\" content=\"143 m\u00b2 di superficie abitabile, vista fino a Pisa e al mare, cucina abitabile, balcone e camino, pi\u00f9 due camere da letto, EUR 255.000\" \/>\n<meta name=\"robots\" content=\"index, follow, max-snippet:-1, max-image-preview:large, max-video-preview:-1\" \/>\n<link rel=\"canonical\" href=\"https:\/\/www.immobilientoskana.com\/it\/immo\/spazioso-appartamento-con-vista-da-sogno-sulla-toscana\/\" \/>\n<meta property=\"og:locale\" content=\"it_IT\" \/>\n<meta property=\"og:type\" content=\"article\" \/>\n<meta property=\"og:title\" content=\"Spazioso appartamento con vista da sogno sulla Toscana - Toskana-Immobilien\" \/>\n<meta property=\"og:description\" content=\"143 m\u00b2 di superficie abitabile, vista fino a Pisa e al mare, cucina abitabile, balcone e camino, pi\u00f9 due camere da letto, EUR 255.000\" \/>\n<meta property=\"og:url\" content=\"https:\/\/www.immobilientoskana.com\/it\/immo\/spazioso-appartamento-con-vista-da-sogno-sulla-toscana\/\" \/>\n<meta property=\"og:site_name\" content=\"Toskana-Immobilien\" \/>\n<meta property=\"article:publisher\" content=\"https:\/\/www.facebook.com\/kristina.schmidt.900\" \/>\n<meta property=\"article:modified_time\" content=\"2026-04-21T05:56:13+00:00\" \/>\n<meta property=\"og:image\" content=\"https:\/\/www.immobilientoskana.com\/wp-content\/uploads\/ApartmentTraumblick_43.jpg\" \/>\n\t<meta property=\"og:image:width\" content=\"1200\" \/>\n\t<meta property=\"og:image:height\" content=\"900\" \/>\n\t<meta property=\"og:image:type\" content=\"image\/jpeg\" \/>\n<meta name=\"twitter:card\" content=\"summary_large_image\" \/>\n<meta name=\"twitter:label1\" content=\"Tempo di lettura stimato\" \/>\n\t<meta name=\"twitter:data1\" content=\"3 minuti\" \/>\n<script type=\"application\/ld+json\" class=\"yoast-schema-graph\">{\"@context\":\"https:\\\/\\\/schema.org\",\"@graph\":[{\"@type\":\"WebPage\",\"@id\":\"https:\\\/\\\/www.immobilientoskana.com\\\/it\\\/immo\\\/spazioso-appartamento-con-vista-da-sogno-sulla-toscana\\\/\",\"url\":\"https:\\\/\\\/www.immobilientoskana.com\\\/it\\\/immo\\\/spazioso-appartamento-con-vista-da-sogno-sulla-toscana\\\/\",\"name\":\"Spazioso appartamento con vista da sogno sulla Toscana - Toskana-Immobilien\",\"isPartOf\":{\"@id\":\"https:\\\/\\\/www.immobilientoskana.com\\\/it\\\/#website\"},\"primaryImageOfPage\":{\"@id\":\"https:\\\/\\\/www.immobilientoskana.com\\\/it\\\/immo\\\/spazioso-appartamento-con-vista-da-sogno-sulla-toscana\\\/#primaryimage\"},\"image\":{\"@id\":\"https:\\\/\\\/www.immobilientoskana.com\\\/it\\\/immo\\\/spazioso-appartamento-con-vista-da-sogno-sulla-toscana\\\/#primaryimage\"},\"thumbnailUrl\":\"https:\\\/\\\/www.immobilientoskana.com\\\/wp-content\\\/uploads\\\/ApartmentTraumblick_43.jpg\",\"datePublished\":\"2024-05-01T20:17:00+00:00\",\"dateModified\":\"2026-04-21T05:56:13+00:00\",\"description\":\"143 m\u00b2 di superficie abitabile, vista fino a Pisa e al mare, cucina abitabile, balcone e camino, pi\u00f9 due camere da letto, EUR 255.000\",\"breadcrumb\":{\"@id\":\"https:\\\/\\\/www.immobilientoskana.com\\\/it\\\/immo\\\/spazioso-appartamento-con-vista-da-sogno-sulla-toscana\\\/#breadcrumb\"},\"inLanguage\":\"it-IT\",\"potentialAction\":[{\"@type\":\"ReadAction\",\"target\":[\"https:\\\/\\\/www.immobilientoskana.com\\\/it\\\/immo\\\/spazioso-appartamento-con-vista-da-sogno-sulla-toscana\\\/\"]}]},{\"@type\":\"ImageObject\",\"inLanguage\":\"it-IT\",\"@id\":\"https:\\\/\\\/www.immobilientoskana.com\\\/it\\\/immo\\\/spazioso-appartamento-con-vista-da-sogno-sulla-toscana\\\/#primaryimage\",\"url\":\"https:\\\/\\\/www.immobilientoskana.com\\\/wp-content\\\/uploads\\\/ApartmentTraumblick_43.jpg\",\"contentUrl\":\"https:\\\/\\\/www.immobilientoskana.com\\\/wp-content\\\/uploads\\\/ApartmentTraumblick_43.jpg\",\"width\":1200,\"height\":900,\"caption\":\"Apartment Toskana mit Blick bis zum Meer\"},{\"@type\":\"BreadcrumbList\",\"@id\":\"https:\\\/\\\/www.immobilientoskana.com\\\/it\\\/immo\\\/spazioso-appartamento-con-vista-da-sogno-sulla-toscana\\\/#breadcrumb\",\"itemListElement\":[{\"@type\":\"ListItem\",\"position\":1,\"name\":\"Startseite\",\"item\":\"https:\\\/\\\/www.immobilientoskana.com\\\/it\\\/\"},{\"@type\":\"ListItem\",\"position\":2,\"name\":\"Propriet\u00e0\",\"item\":\"https:\\\/\\\/www.immobilientoskana.com\\\/it\\\/immo\\\/\"},{\"@type\":\"ListItem\",\"position\":3,\"name\":\"Spazioso appartamento con vista da sogno sulla Toscana\"}]},{\"@type\":\"WebSite\",\"@id\":\"https:\\\/\\\/www.immobilientoskana.com\\\/it\\\/#website\",\"url\":\"https:\\\/\\\/www.immobilientoskana.com\\\/it\\\/\",\"name\":\"Toskana-Immobilien\",\"description\":\"Ankommen in der Toskana mit Kristina Schmidt\",\"publisher\":{\"@id\":\"https:\\\/\\\/www.immobilientoskana.com\\\/it\\\/#organization\"},\"potentialAction\":[{\"@type\":\"SearchAction\",\"target\":{\"@type\":\"EntryPoint\",\"urlTemplate\":\"https:\\\/\\\/www.immobilientoskana.com\\\/it\\\/?s={search_term_string}\"},\"query-input\":{\"@type\":\"PropertyValueSpecification\",\"valueRequired\":true,\"valueName\":\"search_term_string\"}}],\"inLanguage\":\"it-IT\"},{\"@type\":\"Organization\",\"@id\":\"https:\\\/\\\/www.immobilientoskana.com\\\/it\\\/#organization\",\"name\":\"Toskana-ImmobilienImmobilienagentur Futuro Felice\",\"url\":\"https:\\\/\\\/www.immobilientoskana.com\\\/it\\\/\",\"logo\":{\"@type\":\"ImageObject\",\"inLanguage\":\"it-IT\",\"@id\":\"https:\\\/\\\/www.immobilientoskana.com\\\/it\\\/#\\\/schema\\\/logo\\\/image\\\/\",\"url\":\"https:\\\/\\\/www.immobilientoskana.com\\\/wp-content\\\/uploads\\\/immo_logo_small.png\",\"contentUrl\":\"https:\\\/\\\/www.immobilientoskana.com\\\/wp-content\\\/uploads\\\/immo_logo_small.png\",\"width\":1200,\"height\":200,\"caption\":\"Toskana-ImmobilienImmobilienagentur Futuro Felice\"},\"image\":{\"@id\":\"https:\\\/\\\/www.immobilientoskana.com\\\/it\\\/#\\\/schema\\\/logo\\\/image\\\/\"},\"sameAs\":[\"https:\\\/\\\/www.facebook.com\\\/kristina.schmidt.900\",\"https:\\\/\\\/www.linkedin.com\\\/in\\\/kristina-schmidt-002a4a39\"]}]}<\/script>\n<!-- \/ Yoast SEO plugin. -->","yoast_head_json":{"title":"Spazioso appartamento con vista da sogno sulla Toscana - Toskana-Immobilien","description":"143 m\u00b2 di superficie abitabile, vista fino a Pisa e al mare, cucina abitabile, balcone e camino, pi\u00f9 due camere da letto, EUR 255.000","robots":{"index":"index","follow":"follow","max-snippet":"max-snippet:-1","max-image-preview":"max-image-preview:large","max-video-preview":"max-video-preview:-1"},"canonical":"https:\/\/www.immobilientoskana.com\/it\/immo\/spazioso-appartamento-con-vista-da-sogno-sulla-toscana\/","og_locale":"it_IT","og_type":"article","og_title":"Spazioso appartamento con vista da sogno sulla Toscana - Toskana-Immobilien","og_description":"143 m\u00b2 di superficie abitabile, vista fino a Pisa e al mare, cucina abitabile, balcone e camino, pi\u00f9 due camere da letto, EUR 255.000","og_url":"https:\/\/www.immobilientoskana.com\/it\/immo\/spazioso-appartamento-con-vista-da-sogno-sulla-toscana\/","og_site_name":"Toskana-Immobilien","article_publisher":"https:\/\/www.facebook.com\/kristina.schmidt.900","article_modified_time":"2026-04-21T05:56:13+00:00","og_image":[{"width":1200,"height":900,"url":"https:\/\/www.immobilientoskana.com\/wp-content\/uploads\/ApartmentTraumblick_43.jpg","type":"image\/jpeg"}],"twitter_card":"summary_large_image","twitter_misc":{"Tempo di lettura stimato":"3 minuti"},"schema":{"@context":"https:\/\/schema.org","@graph":[{"@type":"WebPage","@id":"https:\/\/www.immobilientoskana.com\/it\/immo\/spazioso-appartamento-con-vista-da-sogno-sulla-toscana\/","url":"https:\/\/www.immobilientoskana.com\/it\/immo\/spazioso-appartamento-con-vista-da-sogno-sulla-toscana\/","name":"Spazioso appartamento con vista da sogno sulla Toscana - Toskana-Immobilien","isPartOf":{"@id":"https:\/\/www.immobilientoskana.com\/it\/#website"},"primaryImageOfPage":{"@id":"https:\/\/www.immobilientoskana.com\/it\/immo\/spazioso-appartamento-con-vista-da-sogno-sulla-toscana\/#primaryimage"},"image":{"@id":"https:\/\/www.immobilientoskana.com\/it\/immo\/spazioso-appartamento-con-vista-da-sogno-sulla-toscana\/#primaryimage"},"thumbnailUrl":"https:\/\/www.immobilientoskana.com\/wp-content\/uploads\/ApartmentTraumblick_43.jpg","datePublished":"2024-05-01T20:17:00+00:00","dateModified":"2026-04-21T05:56:13+00:00","description":"143 m\u00b2 di superficie abitabile, vista fino a Pisa e al mare, cucina abitabile, balcone e camino, pi\u00f9 due camere da letto, EUR 255.000","breadcrumb":{"@id":"https:\/\/www.immobilientoskana.com\/it\/immo\/spazioso-appartamento-con-vista-da-sogno-sulla-toscana\/#breadcrumb"},"inLanguage":"it-IT","potentialAction":[{"@type":"ReadAction","target":["https:\/\/www.immobilientoskana.com\/it\/immo\/spazioso-appartamento-con-vista-da-sogno-sulla-toscana\/"]}]},{"@type":"ImageObject","inLanguage":"it-IT","@id":"https:\/\/www.immobilientoskana.com\/it\/immo\/spazioso-appartamento-con-vista-da-sogno-sulla-toscana\/#primaryimage","url":"https:\/\/www.immobilientoskana.com\/wp-content\/uploads\/ApartmentTraumblick_43.jpg","contentUrl":"https:\/\/www.immobilientoskana.com\/wp-content\/uploads\/ApartmentTraumblick_43.jpg","width":1200,"height":900,"caption":"Apartment Toskana mit Blick bis zum Meer"},{"@type":"BreadcrumbList","@id":"https:\/\/www.immobilientoskana.com\/it\/immo\/spazioso-appartamento-con-vista-da-sogno-sulla-toscana\/#breadcrumb","itemListElement":[{"@type":"ListItem","position":1,"name":"Startseite","item":"https:\/\/www.immobilientoskana.com\/it\/"},{"@type":"ListItem","position":2,"name":"Propriet\u00e0","item":"https:\/\/www.immobilientoskana.com\/it\/immo\/"},{"@type":"ListItem","position":3,"name":"Spazioso appartamento con vista da sogno sulla Toscana"}]},{"@type":"WebSite","@id":"https:\/\/www.immobilientoskana.com\/it\/#website","url":"https:\/\/www.immobilientoskana.com\/it\/","name":"Toskana-Immobilien","description":"Ankommen in der Toskana mit Kristina Schmidt","publisher":{"@id":"https:\/\/www.immobilientoskana.com\/it\/#organization"},"potentialAction":[{"@type":"SearchAction","target":{"@type":"EntryPoint","urlTemplate":"https:\/\/www.immobilientoskana.com\/it\/?s={search_term_string}"},"query-input":{"@type":"PropertyValueSpecification","valueRequired":true,"valueName":"search_term_string"}}],"inLanguage":"it-IT"},{"@type":"Organization","@id":"https:\/\/www.immobilientoskana.com\/it\/#organization","name":"Toskana-ImmobilienImmobilienagentur Futuro Felice","url":"https:\/\/www.immobilientoskana.com\/it\/","logo":{"@type":"ImageObject","inLanguage":"it-IT","@id":"https:\/\/www.immobilientoskana.com\/it\/#\/schema\/logo\/image\/","url":"https:\/\/www.immobilientoskana.com\/wp-content\/uploads\/immo_logo_small.png","contentUrl":"https:\/\/www.immobilientoskana.com\/wp-content\/uploads\/immo_logo_small.png","width":1200,"height":200,"caption":"Toskana-ImmobilienImmobilienagentur Futuro Felice"},"image":{"@id":"https:\/\/www.immobilientoskana.com\/it\/#\/schema\/logo\/image\/"},"sameAs":["https:\/\/www.facebook.com\/kristina.schmidt.900","https:\/\/www.linkedin.com\/in\/kristina-schmidt-002a4a39"]}]}},"_links":{"self":[{"href":"https:\/\/www.immobilientoskana.com\/it\/wp-json\/wp\/v2\/properties\/56128","targetHints":{"allow":["GET"]}}],"collection":[{"href":"https:\/\/www.immobilientoskana.com\/it\/wp-json\/wp\/v2\/properties"}],"about":[{"href":"https:\/\/www.immobilientoskana.com\/it\/wp-json\/wp\/v2\/types\/property"}],"author":[{"embeddable":true,"href":"https:\/\/www.immobilientoskana.com\/it\/wp-json\/wp\/v2\/users\/4"}],"version-history":[{"count":5,"href":"https:\/\/www.immobilientoskana.com\/it\/wp-json\/wp\/v2\/properties\/56128\/revisions"}],"predecessor-version":[{"id":62417,"href":"https:\/\/www.immobilientoskana.com\/it\/wp-json\/wp\/v2\/properties\/56128\/revisions\/62417"}],"wp:featuredmedia":[{"embeddable":true,"href":"https:\/\/www.immobilientoskana.com\/it\/wp-json\/wp\/v2\/media\/50355"}],"wp:attachment":[{"href":"https:\/\/www.immobilientoskana.com\/it\/wp-json\/wp\/v2\/media?parent=56128"}],"wp:term":[{"taxonomy":"property_type","embeddable":true,"href":"https:\/\/www.immobilientoskana.com\/it\/wp-json\/wp\/v2\/property_type?post=56128"},{"taxonomy":"property_status","embeddable":true,"href":"https:\/\/www.immobilientoskana.com\/it\/wp-json\/wp\/v2\/property_status?post=56128"},{"taxonomy":"property_feature","embeddable":true,"href":"https:\/\/www.immobilientoskana.com\/it\/wp-json\/wp\/v2\/property_feature?post=56128"},{"taxonomy":"property_label","embeddable":true,"href":"https:\/\/www.immobilientoskana.com\/it\/wp-json\/wp\/v2\/property_label?post=56128"},{"taxonomy":"property_state","embeddable":true,"href":"https:\/\/www.immobilientoskana.com\/it\/wp-json\/wp\/v2\/property_state?post=56128"},{"taxonomy":"property_city","embeddable":true,"href":"https:\/\/www.immobilientoskana.com\/it\/wp-json\/wp\/v2\/property_city?post=56128"}],"curies":[{"name":"wp","href":"https:\/\/api.w.org\/{rel}","templated":true}]}}