{"id":58552,"date":"2025-10-26T21:50:07","date_gmt":"2025-10-26T20:50:07","guid":{"rendered":"https:\/\/www.immobilientoskana.com\/immo\/appartamento-in-un-villaggio-idilliaco\/"},"modified":"2026-04-20T14:49:24","modified_gmt":"2026-04-20T12:49:24","slug":"appartamento-in-un-villaggio-idilliaco","status":"publish","type":"property","link":"https:\/\/www.immobilientoskana.com\/it\/immo\/appartamento-in-un-villaggio-idilliaco\/","title":{"rendered":"Appartamento in un villaggio idilliaco"},"content":{"rendered":"<div class=\"su-row\"><div class=\"su-column su-column-size-1-2\"><div class=\"su-column-inner su-u-clearfix su-u-trim\">\n<p>In un piccolo paese di 350 abitanti, con bar e negozi, a 190 metri sul livello del mare, in mezzo alle pi\u00f9 belle colline toscane, si trova questo grazioso appartamento di circa 52 metri quadrati, con una vista sensazionale che tutti vorrebbero godersi dalla propria terrazza sorseggiando il vino della sera.<\/p>\n<p>La casa in cui si trova l&#8217;appartamento al primo piano \u00e8 situata direttamente sulla piazza del piccolo paese. In estate, qui si svolge la &#8220;festa dell&#8217;allegria&#8221;, che \u00e8 anche il motto di questo grazioso villaggio. Come puoi vedere, la facciata non \u00e8 stata restaurata. Classe energetica G<\/p>\n<p>Quando si entra nell&#8217;appartamento, si accede al corridoio. A sinistra c&#8217;\u00e8 un ripostiglio con finestra, mentre di fronte c&#8217;\u00e8 la cucina-soggiorno con camino, angolo cottura con 4 fuochi a gas, forno, tavolo e divano estraibile. La spaziosa camera da letto si trova a destra e il bagno \u00e8 anch&#8217;esso a destra. Dalla camera da letto si accede a una terrazza con vista sulle colline a ovest e un meraviglioso tramonto ogni sera.<\/p>\n<\/div><\/div> <div class=\"su-column su-column-size-1-2\"><div class=\"su-column-inner su-u-clearfix su-u-trim\">\n<p>L&#8217;appartamento \u00e8 stato reso abitabile nel 2021, ma necessita di una ristrutturazione. La porta d&#8217;ingresso e la porta finestra sono nuove, parte del tetto \u00e8 nuova, il riscaldamento \u00e8 a gas, la caldaia a condensazione \u00e8 del 2021, le finestre sono a vetro singolo, la porta finestra a doppio vetro. Al momento l&#8217;appartamento \u00e8 affittato, ma pu\u00f2 essere lasciato libero con un preavviso di 3 mesi o il contratto di affitto pu\u00f2 essere rilevato.<\/p>\n<p>Situata in una rinomata zona vinicola in un piccolo villaggio, molto centrale rispetto al mare e a molte citt\u00e0 d&#8217;arte e culturali<\/p>\n<p><strong>Distanze:&nbsp;&nbsp;<\/strong><\/p>\n<ul>\n<li>Supermercato pi\u00f9 vicino 7.5 km, ristoranti e altri negozi 1.7 km<\/li>\n<li>Mare, spiaggia di Calambrone 43 km, Vada 42 km<\/li>\n<li>Pisa\/Aeroporto 35 km<\/li>\n<li>Firenze 75 km<\/li>\n<li>Livorno 45 km<\/li>\n<li>Lucca 47 km<\/li>\n<li>Volterra 28 km<\/li>\n<li>San Gimignano 42 km<\/li>\n<\/ul>\n<\/div><\/div><\/div>\n<hr>\n<div class=\"su-row\"><div class=\"su-column su-column-size-1-2\"><div class=\"su-column-inner su-u-clearfix su-u-trim\">\n<h4>Tour della casa<\/h4>\n<p>Galleria di immagini (26 foto)<\/p>\n\t\r\n\t\t<div id=\"boxGallery\" class=\"g-box61279 Gallery-container gallery-box gbox-font\">\r\n\t\t\t<!-- Regular images -->\r\n\t\t<script type=\"text\/javascript\">\r\n\r\n(function ($) {\r\n\t\"use strict\";\r\n    $(document).ready(function(){\r\n       \/\/lightbox opions\r\n         $('.gb-light').venobox({\r\n        border: '0px',\r\n        bgcolor: '#d2d2d2',\r\n        spinColor: '#b6b6b6',  \r\n        spinner: 'double-bounce',   \r\n        titlePosition: 'bottom'   \r\n        }); \r\n\r\n   if ( $('.g-box61279').length > 0 )\r\n    {\r\n        var $gbox_smasonry61279 = $('.g-box61279').isotope({\r\n            itemSelector : '.gb-masonry61279',\r\n            \/\/masonry: {\r\n                \/\/columnWidth: '.grid-sizer'\r\n            \/\/}\r\n        });\r\n\r\n        $gbox_smasonry61279.imagesLoaded().progress( function() {\r\n            $gbox_smasonry61279.isotope('layout');\r\n            \r\n        });\r\n\r\n    }\/\/check image not empty\r\n\r\n\r\n    });\r\n}(jQuery));\t\r\n\r\n<\/script>\r\n<style type=\"text\/css\">\r\n\r\n\t#boxGallery .iframe-gallery61279 h2{\r\n\t\tcolor: #ffffff;\r\n\t\tfont-size: 17px;\r\n\t\ttext-transform: uppercase;\r\n\t\tpadding: 20px;\r\n\r\n\t}\r\n\t#boxGallery .iframe-gallery61279 h2:before{\r\n\t\tbackground-color: #000000;\r\n\t\topacity: 0.75;\r\n\r\n\t}\r\n\t#boxGallery .iframe-gallery61279.hover button.info,\r\n\t#boxGallery .iframe-gallery61279.hover .gbox-icon i{\r\n\t\t\tcolor: #ffffff;\r\n\t    \tborder: 1px solid #ffffff;\r\n\t    \tfont-size: 14px;\r\n\t\t}\r\n\r\n \r\n\r\n<\/style>\r\n\r\n\t\t<div class=\"gcolumn-3 iframe-gallery iframe-gallery61279 hover ehover5 gb-masonry61279\">\r\n\t\t<div class=\"gbox-margin gbox-iframe\">\r\n\t\t\t<a class=\"gb-light youlight\" data-vbtype=\"iframe\" href=\"https:\/\/www.immobilientoskana.com\/wp-content\/gallery\/apartment-in-idyllischen-dorf\" data-gall=\"iframeg61279\" title=\"Hausrundgang\/ Tour\/ Tour della casa\">\r\n\t\t\t\t\t<img decoding=\"async\" src=\"https:\/\/www.immobilientoskana.com\/wp-content\/uploads\/73_guenstige_wohnung_Toskana-450x450.jpg\" alt=\"Hausrundgang\/ Tour\/ Tour della casa\" title=\"Hausrundgang\/ Tour\/ Tour della casa\" \/>\r\n\t\t\t \t\t\t<div class=\"overlay\">\r\n\t\t\t\t<h2>Hausrundgang\/ Tour\/ Tour della casa<\/h2>\r\n\t\t\t\t<button class=\"info\">\r\n\t\t\t\t\tBilder zeigen\/ Show pictures\/ Mostra immagini\t\t\t\t<\/button>\r\n\t\t\t<\/div>\r\n\t\t<\/a>\r\n\t\t<\/div>\r\n\t\t<\/div><!--# IFRAME gallery -->\r\n\t\t\t\t\r\n    <\/div>\r\n \r\n\r\n \r\n \n<p>&nbsp;<\/p>\n<\/div><\/div> <div class=\"su-column su-column-size-1-2\"><div class=\"su-column-inner su-u-clearfix su-u-trim\">\n<h4>Contattaci<\/h4>\n\n<div class=\"wpcf7 no-js\" id=\"wpcf7-f61966-o1\" lang=\"de-DE\" dir=\"ltr\" data-wpcf7-id=\"61966\">\n<div class=\"screen-reader-response\"><p role=\"status\" aria-live=\"polite\" aria-atomic=\"true\"><\/p> <ul><\/ul><\/div>\n<form action=\"\/it\/wp-json\/wp\/v2\/properties\/58552#wpcf7-f61966-o1\" method=\"post\" class=\"wpcf7-form init\" aria-label=\"Kontaktformular\" novalidate=\"novalidate\" data-status=\"init\">\n<fieldset class=\"hidden-fields-container\"><input type=\"hidden\" name=\"_wpcf7\" value=\"61966\" \/><input type=\"hidden\" name=\"_wpcf7_version\" value=\"6.1.5\" \/><input type=\"hidden\" name=\"_wpcf7_locale\" value=\"de_DE_formal\" \/><input type=\"hidden\" name=\"_wpcf7_unit_tag\" value=\"wpcf7-f61966-o1\" \/><input type=\"hidden\" name=\"_wpcf7_container_post\" value=\"0\" \/><input type=\"hidden\" name=\"_wpcf7_posted_data_hash\" value=\"\" \/>\n<\/fieldset>\n<p><label> Il tuo nome<br \/>\n<span class=\"wpcf7-form-control-wrap\" data-name=\"your-name\"><input size=\"40\" maxlength=\"400\" class=\"wpcf7-form-control wpcf7-text wpcf7-validates-as-required\" autocomplete=\"name\" aria-required=\"true\" aria-invalid=\"false\" value=\"\" type=\"text\" name=\"your-name\" \/><\/span> <\/label>\n<\/p>\n<p><label> Il tuo indirizzo e-mail<br \/>\n<span class=\"wpcf7-form-control-wrap\" data-name=\"your-email\"><input size=\"40\" maxlength=\"400\" class=\"wpcf7-form-control wpcf7-email wpcf7-validates-as-required wpcf7-text wpcf7-validates-as-email\" autocomplete=\"email\" aria-required=\"true\" aria-invalid=\"false\" value=\"\" type=\"email\" name=\"your-email\" \/><\/span> <\/label>\n<\/p>\n<p><label> Il tuo numero di telefono \u2013 si prega di inserire il prefisso internazionale (facoltativo)<br \/>\n<span class=\"wpcf7-form-control-wrap\" data-name=\"telnummer\"><input size=\"40\" maxlength=\"400\" class=\"wpcf7-form-control wpcf7-text\" aria-invalid=\"false\" value=\"\" type=\"text\" name=\"telnummer\" \/><\/span> <\/label>\n<\/p>\n<p><label> Il tuo messaggio (facoltativo)<br \/>\n<span class=\"wpcf7-form-control-wrap\" data-name=\"your-message\"><textarea cols=\"40\" rows=\"5\" maxlength=\"2000\" class=\"wpcf7-form-control wpcf7-textarea\" aria-invalid=\"false\" name=\"your-message\"><\/textarea><\/span> <\/label>\n<\/p>\n<p><span class=\"wpcf7-form-control-wrap\" data-name=\"acceptance-759\"><span class=\"wpcf7-form-control wpcf7-acceptance\"><span class=\"wpcf7-list-item\"><label><input type=\"checkbox\" name=\"acceptance-759\" value=\"1\" aria-invalid=\"false\" \/><span class=\"wpcf7-list-item-label\">Con la presente acconsento alla trasmissione dei miei dati a Toskana-Immobilien tramite il sito web (GDPR).<\/span><\/label><\/span><\/span><\/span>\n<\/p>\n<p><input class=\"wpcf7-form-control wpcf7-submit has-spinner\" type=\"submit\" value=\"invia\" \/>\n<\/p><div class=\"wpcf7-response-output\" aria-hidden=\"true\"><\/div>\n<\/form>\n<\/div>\n\n<\/div><\/div><\/div>\n","protected":false},"excerpt":{"rendered":"","protected":false},"author":4,"featured_media":57607,"parent":0,"menu_order":0,"template":"","meta":{"content-type":"","_monsterinsights_skip_tracking":false,"_monsterinsights_sitenote_active":false,"_monsterinsights_sitenote_note":"","_monsterinsights_sitenote_category":0,"_uf_show_specific_survey":0,"_uf_disable_surveys":false,"ngg_post_thumbnail":0,"footnotes":""},"property_type":[181],"property_status":[135],"property_feature":[149,162],"property_label":[203,130],"property_state":[],"property_city":[123],"class_list":["post-58552","property","type-property","status-publish","has-post-thumbnail","hentry","property_type-piatto","property_status-da-ristrutturare","property_feature-adatto-come-proprieta-per-le-vacanze","property_feature-balcone","property_label-centro-del-villaggio","property_label-posizione-collinare","property_city-pisa-it"],"property_meta":{"_wpml_media_duplicate":["1"],"_wpml_media_featured":["1"],"houzez_featured_listing_date":[""],"_top_nav_excluded":[""],"_cms_nav_minihome":[""],"fave_property_price":["55000"],"fave_property_size":["52"],"fave_property_bedrooms":["1"],"fave_property_bathrooms":["1"],"fave_property_year":["antico"],"fave_property_id":["AppAle"],"fave_property_map":["1"],"fave_property_location":["25.68654,-80.431345,15"],"fave_property_map_street_view":["hide"],"fave_prop_homeslider":["no"],"_thumbnail_id":["57607"],"_last_translation_edit_mode":["native-editor"],"_wpml_word_count":["315"],"houzez_total_property_views":["170"],"houzez_views_by_date":["a:61:{s:10:\"01-13-2026\";i:2;s:10:\"01-15-2026\";i:4;s:10:\"01-17-2026\";i:1;s:10:\"01-19-2026\";i:1;s:10:\"01-21-2026\";i:1;s:10:\"01-22-2026\";i:1;s:10:\"01-23-2026\";i:1;s:10:\"01-25-2026\";i:4;s:10:\"01-27-2026\";i:1;s:10:\"01-28-2026\";i:1;s:10:\"02-01-2026\";i:2;s:10:\"02-02-2026\";i:3;s:10:\"02-03-2026\";i:1;s:10:\"02-04-2026\";i:1;s:10:\"02-06-2026\";i:1;s:10:\"02-08-2026\";i:1;s:10:\"02-10-2026\";i:1;s:10:\"02-11-2026\";i:1;s:10:\"02-13-2026\";i:1;s:10:\"02-14-2026\";i:1;s:10:\"02-16-2026\";i:2;s:10:\"02-17-2026\";i:2;s:10:\"02-18-2026\";i:2;s:10:\"02-19-2026\";i:1;s:10:\"02-22-2026\";i:1;s:10:\"02-23-2026\";i:1;s:10:\"02-24-2026\";i:1;s:10:\"02-25-2026\";i:1;s:10:\"03-05-2026\";i:6;s:10:\"03-06-2026\";i:1;s:10:\"03-07-2026\";i:1;s:10:\"03-11-2026\";i:3;s:10:\"03-12-2026\";i:3;s:10:\"03-14-2026\";i:1;s:10:\"03-16-2026\";i:1;s:10:\"03-19-2026\";i:1;s:10:\"03-20-2026\";i:2;s:10:\"03-21-2026\";i:4;s:10:\"03-22-2026\";i:1;s:10:\"03-23-2026\";i:2;s:10:\"03-25-2026\";i:2;s:10:\"03-26-2026\";i:2;s:10:\"03-27-2026\";i:1;s:10:\"03-30-2026\";i:1;s:10:\"03-31-2026\";i:2;s:10:\"04-01-2026\";i:1;s:10:\"04-02-2026\";i:1;s:10:\"04-04-2026\";i:1;s:10:\"04-05-2026\";i:4;s:10:\"04-09-2026\";i:5;s:10:\"04-10-2026\";i:2;s:10:\"04-15-2026\";i:1;s:10:\"04-16-2026\";i:1;s:10:\"04-19-2026\";i:6;s:10:\"04-20-2026\";i:3;s:10:\"04-21-2026\";i:1;s:10:\"04-22-2026\";i:1;s:10:\"04-23-2026\";i:4;s:10:\"04-24-2026\";i:3;s:10:\"04-25-2026\";i:2;s:10:\"04-26-2026\";i:1;}"],"houzez_recently_viewed":["2026-04-26 21:30:00"],"_edit_lock":["1776689258:1"],"_edit_last":["1"],"fave_show_price_placeholder":["0"],"fave_maklerprovision":["5 %"],"_monsterinsights_sitenote_active":["0"],"_uf_disable_surveys":[""],"houzez_manual_expire":["0"],"_houzez_expiration_date_status":["saved"],"houzez_geolocation_lat":["25.68654"],"houzez_geolocation_long":["-80.431345"],"_yoast_wpseo_primary_property_type":[""],"_yoast_wpseo_primary_property_status":[""],"_yoast_wpseo_primary_property_feature":[""],"_yoast_wpseo_primary_property_label":[""],"_yoast_wpseo_primary_property_state":[""],"_yoast_wpseo_primary_property_city":[""],"_yoast_wpseo_content_score":["60"],"_yoast_wpseo_estimated-reading-time-minutes":["3"],"fave_property_images":["57599","57593","57563","57626","57605"],"fave_featured":["0"],"fave_single_top_area":["global"],"fave_single_content_area":["global"],"_elementor_page_assets":["a:0:{}"]},"yoast_head":"<!-- This site is optimized with the Yoast SEO plugin v27.4 - https:\/\/yoast.com\/product\/yoast-seo-wordpress\/ -->\n<title>Appartamento in un villaggio idilliaco - Toskana-Immobilien<\/title>\n<meta name=\"robots\" content=\"index, follow, max-snippet:-1, max-image-preview:large, max-video-preview:-1\" \/>\n<link rel=\"canonical\" href=\"https:\/\/www.immobilientoskana.com\/it\/immo\/appartamento-in-un-villaggio-idilliaco\/\" \/>\n<meta property=\"og:locale\" content=\"it_IT\" \/>\n<meta property=\"og:type\" content=\"article\" \/>\n<meta property=\"og:title\" content=\"Appartamento in un villaggio idilliaco - Toskana-Immobilien\" \/>\n<meta property=\"og:url\" content=\"https:\/\/www.immobilientoskana.com\/it\/immo\/appartamento-in-un-villaggio-idilliaco\/\" \/>\n<meta property=\"og:site_name\" content=\"Toskana-Immobilien\" \/>\n<meta property=\"article:publisher\" content=\"https:\/\/www.facebook.com\/kristina.schmidt.900\" \/>\n<meta property=\"article:modified_time\" content=\"2026-04-20T12:49:24+00:00\" \/>\n<meta property=\"og:image\" content=\"https:\/\/www.immobilientoskana.com\/wp-content\/uploads\/75_guenstige_wohnung_Toskana.jpg\" \/>\n\t<meta property=\"og:image:width\" content=\"1500\" \/>\n\t<meta property=\"og:image:height\" content=\"1125\" \/>\n\t<meta property=\"og:image:type\" content=\"image\/jpeg\" \/>\n<meta name=\"twitter:card\" content=\"summary_large_image\" \/>\n<meta name=\"twitter:label1\" content=\"Tempo di lettura stimato\" \/>\n\t<meta name=\"twitter:data1\" content=\"3 minuti\" \/>\n<script type=\"application\/ld+json\" class=\"yoast-schema-graph\">{\"@context\":\"https:\\\/\\\/schema.org\",\"@graph\":[{\"@type\":\"WebPage\",\"@id\":\"https:\\\/\\\/www.immobilientoskana.com\\\/it\\\/immo\\\/appartamento-in-un-villaggio-idilliaco\\\/\",\"url\":\"https:\\\/\\\/www.immobilientoskana.com\\\/it\\\/immo\\\/appartamento-in-un-villaggio-idilliaco\\\/\",\"name\":\"Appartamento in un villaggio idilliaco - Toskana-Immobilien\",\"isPartOf\":{\"@id\":\"https:\\\/\\\/www.immobilientoskana.com\\\/it\\\/#website\"},\"primaryImageOfPage\":{\"@id\":\"https:\\\/\\\/www.immobilientoskana.com\\\/it\\\/immo\\\/appartamento-in-un-villaggio-idilliaco\\\/#primaryimage\"},\"image\":{\"@id\":\"https:\\\/\\\/www.immobilientoskana.com\\\/it\\\/immo\\\/appartamento-in-un-villaggio-idilliaco\\\/#primaryimage\"},\"thumbnailUrl\":\"https:\\\/\\\/www.immobilientoskana.com\\\/wp-content\\\/uploads\\\/75_guenstige_wohnung_Toskana.jpg\",\"datePublished\":\"2025-10-26T20:50:07+00:00\",\"dateModified\":\"2026-04-20T12:49:24+00:00\",\"breadcrumb\":{\"@id\":\"https:\\\/\\\/www.immobilientoskana.com\\\/it\\\/immo\\\/appartamento-in-un-villaggio-idilliaco\\\/#breadcrumb\"},\"inLanguage\":\"it-IT\",\"potentialAction\":[{\"@type\":\"ReadAction\",\"target\":[\"https:\\\/\\\/www.immobilientoskana.com\\\/it\\\/immo\\\/appartamento-in-un-villaggio-idilliaco\\\/\"]}]},{\"@type\":\"ImageObject\",\"inLanguage\":\"it-IT\",\"@id\":\"https:\\\/\\\/www.immobilientoskana.com\\\/it\\\/immo\\\/appartamento-in-un-villaggio-idilliaco\\\/#primaryimage\",\"url\":\"https:\\\/\\\/www.immobilientoskana.com\\\/wp-content\\\/uploads\\\/75_guenstige_wohnung_Toskana.jpg\",\"contentUrl\":\"https:\\\/\\\/www.immobilientoskana.com\\\/wp-content\\\/uploads\\\/75_guenstige_wohnung_Toskana.jpg\",\"width\":1500,\"height\":1125,\"caption\":\"h\u00fcbsche Wohnung in Dorflage Toskana\"},{\"@type\":\"BreadcrumbList\",\"@id\":\"https:\\\/\\\/www.immobilientoskana.com\\\/it\\\/immo\\\/appartamento-in-un-villaggio-idilliaco\\\/#breadcrumb\",\"itemListElement\":[{\"@type\":\"ListItem\",\"position\":1,\"name\":\"Startseite\",\"item\":\"https:\\\/\\\/www.immobilientoskana.com\\\/it\\\/\"},{\"@type\":\"ListItem\",\"position\":2,\"name\":\"Propriet\u00e0\",\"item\":\"https:\\\/\\\/www.immobilientoskana.com\\\/it\\\/immo\\\/\"},{\"@type\":\"ListItem\",\"position\":3,\"name\":\"Appartamento in un villaggio idilliaco\"}]},{\"@type\":\"WebSite\",\"@id\":\"https:\\\/\\\/www.immobilientoskana.com\\\/it\\\/#website\",\"url\":\"https:\\\/\\\/www.immobilientoskana.com\\\/it\\\/\",\"name\":\"Toskana-Immobilien\",\"description\":\"Ankommen in der Toskana mit Kristina Schmidt\",\"publisher\":{\"@id\":\"https:\\\/\\\/www.immobilientoskana.com\\\/it\\\/#organization\"},\"potentialAction\":[{\"@type\":\"SearchAction\",\"target\":{\"@type\":\"EntryPoint\",\"urlTemplate\":\"https:\\\/\\\/www.immobilientoskana.com\\\/it\\\/?s={search_term_string}\"},\"query-input\":{\"@type\":\"PropertyValueSpecification\",\"valueRequired\":true,\"valueName\":\"search_term_string\"}}],\"inLanguage\":\"it-IT\"},{\"@type\":\"Organization\",\"@id\":\"https:\\\/\\\/www.immobilientoskana.com\\\/it\\\/#organization\",\"name\":\"Toskana-ImmobilienImmobilienagentur Futuro Felice\",\"url\":\"https:\\\/\\\/www.immobilientoskana.com\\\/it\\\/\",\"logo\":{\"@type\":\"ImageObject\",\"inLanguage\":\"it-IT\",\"@id\":\"https:\\\/\\\/www.immobilientoskana.com\\\/it\\\/#\\\/schema\\\/logo\\\/image\\\/\",\"url\":\"https:\\\/\\\/www.immobilientoskana.com\\\/wp-content\\\/uploads\\\/immo_logo_small.png\",\"contentUrl\":\"https:\\\/\\\/www.immobilientoskana.com\\\/wp-content\\\/uploads\\\/immo_logo_small.png\",\"width\":1200,\"height\":200,\"caption\":\"Toskana-ImmobilienImmobilienagentur Futuro Felice\"},\"image\":{\"@id\":\"https:\\\/\\\/www.immobilientoskana.com\\\/it\\\/#\\\/schema\\\/logo\\\/image\\\/\"},\"sameAs\":[\"https:\\\/\\\/www.facebook.com\\\/kristina.schmidt.900\",\"https:\\\/\\\/www.linkedin.com\\\/in\\\/kristina-schmidt-002a4a39\"]}]}<\/script>\n<!-- \/ Yoast SEO plugin. -->","yoast_head_json":{"title":"Appartamento in un villaggio idilliaco - Toskana-Immobilien","robots":{"index":"index","follow":"follow","max-snippet":"max-snippet:-1","max-image-preview":"max-image-preview:large","max-video-preview":"max-video-preview:-1"},"canonical":"https:\/\/www.immobilientoskana.com\/it\/immo\/appartamento-in-un-villaggio-idilliaco\/","og_locale":"it_IT","og_type":"article","og_title":"Appartamento in un villaggio idilliaco - Toskana-Immobilien","og_url":"https:\/\/www.immobilientoskana.com\/it\/immo\/appartamento-in-un-villaggio-idilliaco\/","og_site_name":"Toskana-Immobilien","article_publisher":"https:\/\/www.facebook.com\/kristina.schmidt.900","article_modified_time":"2026-04-20T12:49:24+00:00","og_image":[{"width":1500,"height":1125,"url":"https:\/\/www.immobilientoskana.com\/wp-content\/uploads\/75_guenstige_wohnung_Toskana.jpg","type":"image\/jpeg"}],"twitter_card":"summary_large_image","twitter_misc":{"Tempo di lettura stimato":"3 minuti"},"schema":{"@context":"https:\/\/schema.org","@graph":[{"@type":"WebPage","@id":"https:\/\/www.immobilientoskana.com\/it\/immo\/appartamento-in-un-villaggio-idilliaco\/","url":"https:\/\/www.immobilientoskana.com\/it\/immo\/appartamento-in-un-villaggio-idilliaco\/","name":"Appartamento in un villaggio idilliaco - Toskana-Immobilien","isPartOf":{"@id":"https:\/\/www.immobilientoskana.com\/it\/#website"},"primaryImageOfPage":{"@id":"https:\/\/www.immobilientoskana.com\/it\/immo\/appartamento-in-un-villaggio-idilliaco\/#primaryimage"},"image":{"@id":"https:\/\/www.immobilientoskana.com\/it\/immo\/appartamento-in-un-villaggio-idilliaco\/#primaryimage"},"thumbnailUrl":"https:\/\/www.immobilientoskana.com\/wp-content\/uploads\/75_guenstige_wohnung_Toskana.jpg","datePublished":"2025-10-26T20:50:07+00:00","dateModified":"2026-04-20T12:49:24+00:00","breadcrumb":{"@id":"https:\/\/www.immobilientoskana.com\/it\/immo\/appartamento-in-un-villaggio-idilliaco\/#breadcrumb"},"inLanguage":"it-IT","potentialAction":[{"@type":"ReadAction","target":["https:\/\/www.immobilientoskana.com\/it\/immo\/appartamento-in-un-villaggio-idilliaco\/"]}]},{"@type":"ImageObject","inLanguage":"it-IT","@id":"https:\/\/www.immobilientoskana.com\/it\/immo\/appartamento-in-un-villaggio-idilliaco\/#primaryimage","url":"https:\/\/www.immobilientoskana.com\/wp-content\/uploads\/75_guenstige_wohnung_Toskana.jpg","contentUrl":"https:\/\/www.immobilientoskana.com\/wp-content\/uploads\/75_guenstige_wohnung_Toskana.jpg","width":1500,"height":1125,"caption":"h\u00fcbsche Wohnung in Dorflage Toskana"},{"@type":"BreadcrumbList","@id":"https:\/\/www.immobilientoskana.com\/it\/immo\/appartamento-in-un-villaggio-idilliaco\/#breadcrumb","itemListElement":[{"@type":"ListItem","position":1,"name":"Startseite","item":"https:\/\/www.immobilientoskana.com\/it\/"},{"@type":"ListItem","position":2,"name":"Propriet\u00e0","item":"https:\/\/www.immobilientoskana.com\/it\/immo\/"},{"@type":"ListItem","position":3,"name":"Appartamento in un villaggio idilliaco"}]},{"@type":"WebSite","@id":"https:\/\/www.immobilientoskana.com\/it\/#website","url":"https:\/\/www.immobilientoskana.com\/it\/","name":"Toskana-Immobilien","description":"Ankommen in der Toskana mit Kristina Schmidt","publisher":{"@id":"https:\/\/www.immobilientoskana.com\/it\/#organization"},"potentialAction":[{"@type":"SearchAction","target":{"@type":"EntryPoint","urlTemplate":"https:\/\/www.immobilientoskana.com\/it\/?s={search_term_string}"},"query-input":{"@type":"PropertyValueSpecification","valueRequired":true,"valueName":"search_term_string"}}],"inLanguage":"it-IT"},{"@type":"Organization","@id":"https:\/\/www.immobilientoskana.com\/it\/#organization","name":"Toskana-ImmobilienImmobilienagentur Futuro Felice","url":"https:\/\/www.immobilientoskana.com\/it\/","logo":{"@type":"ImageObject","inLanguage":"it-IT","@id":"https:\/\/www.immobilientoskana.com\/it\/#\/schema\/logo\/image\/","url":"https:\/\/www.immobilientoskana.com\/wp-content\/uploads\/immo_logo_small.png","contentUrl":"https:\/\/www.immobilientoskana.com\/wp-content\/uploads\/immo_logo_small.png","width":1200,"height":200,"caption":"Toskana-ImmobilienImmobilienagentur Futuro Felice"},"image":{"@id":"https:\/\/www.immobilientoskana.com\/it\/#\/schema\/logo\/image\/"},"sameAs":["https:\/\/www.facebook.com\/kristina.schmidt.900","https:\/\/www.linkedin.com\/in\/kristina-schmidt-002a4a39"]}]}},"_links":{"self":[{"href":"https:\/\/www.immobilientoskana.com\/it\/wp-json\/wp\/v2\/properties\/58552","targetHints":{"allow":["GET"]}}],"collection":[{"href":"https:\/\/www.immobilientoskana.com\/it\/wp-json\/wp\/v2\/properties"}],"about":[{"href":"https:\/\/www.immobilientoskana.com\/it\/wp-json\/wp\/v2\/types\/property"}],"author":[{"embeddable":true,"href":"https:\/\/www.immobilientoskana.com\/it\/wp-json\/wp\/v2\/users\/4"}],"version-history":[{"count":4,"href":"https:\/\/www.immobilientoskana.com\/it\/wp-json\/wp\/v2\/properties\/58552\/revisions"}],"predecessor-version":[{"id":62356,"href":"https:\/\/www.immobilientoskana.com\/it\/wp-json\/wp\/v2\/properties\/58552\/revisions\/62356"}],"wp:featuredmedia":[{"embeddable":true,"href":"https:\/\/www.immobilientoskana.com\/it\/wp-json\/wp\/v2\/media\/57607"}],"wp:attachment":[{"href":"https:\/\/www.immobilientoskana.com\/it\/wp-json\/wp\/v2\/media?parent=58552"}],"wp:term":[{"taxonomy":"property_type","embeddable":true,"href":"https:\/\/www.immobilientoskana.com\/it\/wp-json\/wp\/v2\/property_type?post=58552"},{"taxonomy":"property_status","embeddable":true,"href":"https:\/\/www.immobilientoskana.com\/it\/wp-json\/wp\/v2\/property_status?post=58552"},{"taxonomy":"property_feature","embeddable":true,"href":"https:\/\/www.immobilientoskana.com\/it\/wp-json\/wp\/v2\/property_feature?post=58552"},{"taxonomy":"property_label","embeddable":true,"href":"https:\/\/www.immobilientoskana.com\/it\/wp-json\/wp\/v2\/property_label?post=58552"},{"taxonomy":"property_state","embeddable":true,"href":"https:\/\/www.immobilientoskana.com\/it\/wp-json\/wp\/v2\/property_state?post=58552"},{"taxonomy":"property_city","embeddable":true,"href":"https:\/\/www.immobilientoskana.com\/it\/wp-json\/wp\/v2\/property_city?post=58552"}],"curies":[{"name":"wp","href":"https:\/\/api.w.org\/{rel}","templated":true}]}}