{"id":58749,"date":"2023-11-20T12:00:43","date_gmt":"2023-11-20T11:00:43","guid":{"rendered":"https:\/\/www.immobilientoskana.com\/immo\/proprieta-da-sogno-in-toscana-con-vista-su-pisa\/"},"modified":"2026-04-21T08:31:51","modified_gmt":"2026-04-21T06:31:51","slug":"proprieta-da-sogno-in-toscana-con-vista-su-pisa","status":"publish","type":"property","link":"https:\/\/www.immobilientoskana.com\/it\/immo\/proprieta-da-sogno-in-toscana-con-vista-su-pisa\/","title":{"rendered":"Propriet\u00e0 da sogno in Toscana con vista su Pisa"},"content":{"rendered":"<div class=\"su-row\"><div class=\"su-column su-column-size-1-2\"><div class=\"su-column-inner su-u-clearfix su-u-trim\">\n<p>Splendida propriet\u00e0 in una splendida posizione collinare con vista su Pisa\/Piazza con la Torre di Pisa: superficie abitabile 510 m\u00b2 (casa principale 340 m\u00b2, portineria 120 m\u00b2, dependance 50 m\u00b2, 15 camere in totale, 5 bagni con doccia, 1 WC per gli ospiti, locali cantina disponibili (accessibili dal giardino)<\/p>\n<p>Giardino di circa 2000 m\u00b2 e uliveto di 3000 m\u00b2 con piccola stalla.<\/p>\n<p>un garage, due posti auto, restaurato nel 2009<\/p>\n<p>Riscaldamento centrale a gas (caldaia a gas sostituita nel 2023)&nbsp;&nbsp;<\/p>\n<h2>La storia di questa propriet\u00e0<\/h2>\n<p>Questo storico edificio fu costruito alla fine del XVI secolo come parte del sistema complessivo commissionato dai Medici per rifornire la citt\u00e0 di Pisa di acqua potabile. Era per met\u00e0 una struttura tecnica e per met\u00e0 una residenza per il guardiano del pozzo e la sua famiglia. Il compito del fontaniere era quello di controllare la qualit\u00e0 e la quantit\u00e0 dell&#8217;acqua proveniente dalle numerose sorgenti della valle e di monitorare il deflusso regolato verso Pisa attraverso un acquedotto con 934 archi. Costruito intorno al 1600 (la costruzione dell&#8217;acquedotto inizi\u00f2 nel 1589)<\/p>\n<p>Gli attuali proprietari hanno acquistato la propriet\u00e0, che era stata trascurata per decenni, nel 2008 e l&#8217;hanno restaurata alla perfezione sotto la supervisione dell&#8217;autorit\u00e0 del patrimonio. La misura pi\u00f9 importante \u00e8 stata il restauro dei tetti, che sono stati tutti dotati di isolamento.<\/p>\n<p><strong>La propriet\u00e0:<\/strong> L&#8217;ingresso alla propriet\u00e0 avviene attraverso un cancello barocco in ferro battuto, passando davanti alla dependance di circa 120 m\u00b2 sul lato sinistro della casa principale.<br \/>\nLa dependance (portineria) \u00e8 composta da cucina, soggiorno\/sala da pranzo con camino, ampio ripostiglio, terrazza con vista su un uliveto di 3000 m\u00b2. Al primo piano ci sono tre camere da letto e un bagno. Dispone inoltre di un garage, di un posto auto e di riscaldamento autonomo.<\/p>\n<p><strong>La casa principale<\/strong> dispone di circa 340 m\u00b2 di spazio abitativo con una vista senza ostacoli su Pisa e sulla cattedrale con la Torre Pendente, oltre a una splendida vista sui monti pisani sul retro.<\/p>\n<p>La casa conserva molti elementi storici che hanno a che fare con l&#8217;acqua. Si accede alla casa attraverso la terrazza anteriore senza scale e si raggiunge l&#8217;ingresso. Sulla destra si trova una stanza simile a una grotta con un bacino di marmo bianco che veniva utilizzato per regolare il flusso dell&#8217;acqua a Pisa. Nel soffitto a volta \u00e8 visibile un affresco con il battesimo di Cristo in un bordo di stucco bianco. L&#8217;ingresso conduce alla cucina con ripostiglio. Di fronte alla porta d&#8217;ingresso, una porta finestra simile conduce a un piccolo cortile e al giardino posteriore. A sinistra dell&#8217;ingresso si trova la porta del salotto con camino barocco in marmo e passaggio aperto al secondo salotto con grande camino in pietra, con accesso alla toilette per gli ospiti con anticamera e un grande ripostiglio con finestra. Dal primo soggiorno si accede alla biblioteca e a un piccolo studio con connessione internet.<\/p>\n<\/div><\/div> <div class=\"su-column su-column-size-1-2\"><div class=\"su-column-inner su-u-clearfix su-u-trim\">\n<p>Dall&#8217;ingresso, la scala con guardaroba e ampio ripostiglio con finestra conduce al primo piano sulla destra. Sul pianerottolo del piano superiore, a sinistra si trova una camera per gli ospiti. Proseguendo si accede a un salotto centrale con decorazioni di conchiglie e pietre, oltre a una piccola fontana a muro in marmo e a uno stemma mediceo. Da qui si accede alla seconda camera degli ospiti e al bagno con antibagno appartenente a entrambe le camere. Dall&#8217;altro lato della stanza, ora adibita a sala TV, si trova un&#8217;ampia camera da letto con camino e un piccolo bagno con doccia adiacente. Dalla sala TV, una porta conduce a un piccolo corridoio che conduce alla seconda grande camera da letto con ripostiglio e all&#8217;ampio bagno annesso.<\/p>\n<p>Attaccato alla casa principale ma senza accesso diretto, c&#8217;\u00e8 un appartamento separato per gli ospiti di circa 54 m\u00b2, composto da un ampio soggiorno, una camera da letto, una cucina e un bagno. Dispone di riscaldamento autonomo e giardino con accesso separato dalla strada e parcheggio dietro una serranda di ferro.<\/p>\n<p>La casa principale \u00e8 circondata da un bellissimo <strong>giardino<\/strong> con una piscina per pesci rossi e una scala storica che conduce all&#8217;<strong>uliveto di 3000 m\u00b2<\/strong>, dove si trovano una piccola stalla massiccia e due pony. L&#8217;<strong>intera propriet\u00e0<\/strong> \u00e8 circondata da un muro e ha una superficie totale di <strong>circa 5000 m\u00b2<\/strong>.<\/p>\n<p>L&#8217;immobile viene venduto quasi non arredato.<\/p>\n<p>Classe energetica F<\/p>\n<h2>Divisione degli edifici<\/h2>\n<p><strong>Casa principale<\/strong> (restaurata nel 2009)<\/p>\n<p>Piano terra: cucina, ingresso\/sala da pranzo con grotta. 2 soggiorni con camino o stufa a legna, biblioteca, piccolo ufficio, bagno per gli ospiti, ripostiglio.<\/p>\n<p>Scala: guardaroba e ampio ripostiglio.<\/p>\n<p>1\u00b0 piano: ampio soggiorno, 2 grandi camere da letto con bagno privato, 2 camere per gli ospiti con bagno in comune e piccola anticamera.<\/p>\n<p><strong>Dependance annessa<\/strong> (ristrutturata nel 2009): Cucina, soggiorno, camera da letto, bagno con piccola anticamera per la lavatrice.<br \/>\nIngresso indipendente dalla strada, piccolo giardino, posto auto.<\/p>\n<p><strong>Portineria<\/strong> (restaurata nel 2016): Piano terra: cucina e soggiorno\/sala da pranzo, ripostiglio, piccola stanza per la lavatrice, ampia terrazza.<\/p>\n<p>1\u00b0 piano: 3 camere da letto, 1 bagno<\/p>\n<p>Garage<\/p>\n<p>Tutte e tre le case hanno il proprio contatore dell&#8217;elettricit\u00e0 e un contatore del gas in comune.<br \/>\nCi sono quattro fosse settiche, due delle quali devono essere svuotate una volta all&#8217;anno.<\/p>\n<\/div><\/div><\/div>\n<hr>\n<div class=\"su-row\"><div class=\"su-column su-column-size-1-2\"><div class=\"su-column-inner su-u-clearfix su-u-trim\">\n<h4>Tour della casa<\/h4>\n<p>Galleria di immagini (47 foto)<\/p>\n\t\r\n\t\t<div id=\"boxGallery\" class=\"g-box58324 Gallery-container gallery-box gbox-font\">\r\n\t\t\t<!-- Regular images -->\r\n\t\t<script type=\"text\/javascript\">\r\n\r\n(function ($) {\r\n\t\"use strict\";\r\n    $(document).ready(function(){\r\n       \/\/lightbox opions\r\n         $('.gb-light').venobox({\r\n        border: '0px',\r\n        bgcolor: '#d2d2d2',\r\n        spinColor: '#b6b6b6',  \r\n        spinner: 'double-bounce',   \r\n        titlePosition: 'bottom'   \r\n        }); \r\n\r\n   if ( $('.g-box58324').length > 0 )\r\n    {\r\n        var $gbox_smasonry58324 = $('.g-box58324').isotope({\r\n            itemSelector : '.gb-masonry58324',\r\n            \/\/masonry: {\r\n                \/\/columnWidth: '.grid-sizer'\r\n            \/\/}\r\n        });\r\n\r\n        $gbox_smasonry58324.imagesLoaded().progress( function() {\r\n            $gbox_smasonry58324.isotope('layout');\r\n            \r\n        });\r\n\r\n    }\/\/check image not empty\r\n\r\n\r\n    });\r\n}(jQuery));\t\r\n\r\n<\/script>\r\n<style type=\"text\/css\">\r\n\r\n\t#boxGallery .iframe-gallery58324 h2{\r\n\t\tcolor: #ffffff;\r\n\t\tfont-size: 17px;\r\n\t\ttext-transform: uppercase;\r\n\t\tpadding: 20px;\r\n\r\n\t}\r\n\t#boxGallery .iframe-gallery58324 h2:before{\r\n\t\tbackground-color: #000000;\r\n\t\topacity: 0.75;\r\n\r\n\t}\r\n\t#boxGallery .iframe-gallery58324.hover button.info,\r\n\t#boxGallery .iframe-gallery58324.hover .gbox-icon i{\r\n\t\t\tcolor: #ffffff;\r\n\t    \tborder: 1px solid #ffffff;\r\n\t    \tfont-size: 14px;\r\n\t\t}\r\n\r\n \r\n\r\n<\/style>\r\n\r\n\t\t<div class=\"gcolumn-3 iframe-gallery iframe-gallery58324 hover ehover5 gb-masonry58324\">\r\n\t\t<div class=\"gbox-margin gbox-iframe\">\r\n\t\t\t<a class=\"gb-light youlight\" data-vbtype=\"iframe\" href=\"https:\/\/www.immobilientoskana.com\/wp-content\/gallery\/traum-immobilie-in-der-toskana-mit-blick-auf-pisa\" data-gall=\"iframeg58324\" title=\"Hausrundgang\/ Tour\/ Tour della casa\">\r\n\t\t\t\t\t<img decoding=\"async\" src=\"https:\/\/www.immobilientoskana.com\/wp-content\/uploads\/50_VillaToskana.jpg\" alt=\"Hausrundgang\/ Tour\/ Tour della casa\" title=\"Hausrundgang\/ Tour\/ Tour della casa\" \/>\r\n\t\t\t \t\t\t<div class=\"overlay\">\r\n\t\t\t\t<h2>Hausrundgang\/ Tour\/ Tour della casa<\/h2>\r\n\t\t\t\t<button class=\"info\">\r\n\t\t\t\t\tBilder zeigen\/ Show pictures\/ Mostra immagini\t\t\t\t<\/button>\r\n\t\t\t<\/div>\r\n\t\t<\/a>\r\n\t\t<\/div>\r\n\t\t<\/div><!--# IFRAME gallery -->\r\n\t\t\t\t\r\n    <\/div>\r\n \r\n\r\n \r\n \n<p>&nbsp;<\/p>\n<\/div><\/div> <div class=\"su-column su-column-size-1-2\"><div class=\"su-column-inner su-u-clearfix su-u-trim\">\n<h4>Contattaci<\/h4>\n\n<div class=\"wpcf7 no-js\" id=\"wpcf7-f61966-o1\" lang=\"de-DE\" dir=\"ltr\" data-wpcf7-id=\"61966\">\n<div class=\"screen-reader-response\"><p role=\"status\" aria-live=\"polite\" aria-atomic=\"true\"><\/p> <ul><\/ul><\/div>\n<form action=\"\/it\/wp-json\/wp\/v2\/properties\/58749#wpcf7-f61966-o1\" method=\"post\" class=\"wpcf7-form init\" aria-label=\"Kontaktformular\" novalidate=\"novalidate\" data-status=\"init\">\n<fieldset class=\"hidden-fields-container\"><input type=\"hidden\" name=\"_wpcf7\" value=\"61966\" \/><input type=\"hidden\" name=\"_wpcf7_version\" value=\"6.1.5\" \/><input type=\"hidden\" name=\"_wpcf7_locale\" value=\"de_DE_formal\" \/><input type=\"hidden\" name=\"_wpcf7_unit_tag\" value=\"wpcf7-f61966-o1\" \/><input type=\"hidden\" name=\"_wpcf7_container_post\" value=\"0\" \/><input type=\"hidden\" name=\"_wpcf7_posted_data_hash\" value=\"\" \/>\n<\/fieldset>\n<p><label> Il tuo nome<br \/>\n<span class=\"wpcf7-form-control-wrap\" data-name=\"your-name\"><input size=\"40\" maxlength=\"400\" class=\"wpcf7-form-control wpcf7-text wpcf7-validates-as-required\" autocomplete=\"name\" aria-required=\"true\" aria-invalid=\"false\" value=\"\" type=\"text\" name=\"your-name\" \/><\/span> <\/label>\n<\/p>\n<p><label> Il tuo indirizzo e-mail<br \/>\n<span class=\"wpcf7-form-control-wrap\" data-name=\"your-email\"><input size=\"40\" maxlength=\"400\" class=\"wpcf7-form-control wpcf7-email wpcf7-validates-as-required wpcf7-text wpcf7-validates-as-email\" autocomplete=\"email\" aria-required=\"true\" aria-invalid=\"false\" value=\"\" type=\"email\" name=\"your-email\" \/><\/span> <\/label>\n<\/p>\n<p><label> Il tuo numero di telefono \u2013 si prega di inserire il prefisso internazionale (facoltativo)<br \/>\n<span class=\"wpcf7-form-control-wrap\" data-name=\"telnummer\"><input size=\"40\" maxlength=\"400\" class=\"wpcf7-form-control wpcf7-text\" aria-invalid=\"false\" value=\"\" type=\"text\" name=\"telnummer\" \/><\/span> <\/label>\n<\/p>\n<p><label> Il tuo messaggio (facoltativo)<br \/>\n<span class=\"wpcf7-form-control-wrap\" data-name=\"your-message\"><textarea cols=\"40\" rows=\"5\" maxlength=\"2000\" class=\"wpcf7-form-control wpcf7-textarea\" aria-invalid=\"false\" name=\"your-message\"><\/textarea><\/span> <\/label>\n<\/p>\n<p><span class=\"wpcf7-form-control-wrap\" data-name=\"acceptance-759\"><span class=\"wpcf7-form-control wpcf7-acceptance\"><span class=\"wpcf7-list-item\"><label><input type=\"checkbox\" name=\"acceptance-759\" value=\"1\" aria-invalid=\"false\" \/><span class=\"wpcf7-list-item-label\">Con la presente acconsento alla trasmissione dei miei dati a Toskana-Immobilien tramite il sito web (GDPR).<\/span><\/label><\/span><\/span><\/span>\n<\/p>\n<p><input class=\"wpcf7-form-control wpcf7-submit has-spinner\" type=\"submit\" value=\"invia\" \/>\n<\/p><div class=\"wpcf7-response-output\" aria-hidden=\"true\"><\/div>\n<\/form>\n<\/div>\n\n<\/div><\/div><\/div>\n","protected":false},"excerpt":{"rendered":"","protected":false},"author":4,"featured_media":49969,"parent":0,"menu_order":0,"template":"","meta":{"content-type":"","_monsterinsights_skip_tracking":false,"_monsterinsights_sitenote_active":false,"_monsterinsights_sitenote_note":"","_monsterinsights_sitenote_category":0,"_uf_show_specific_survey":0,"_uf_disable_surveys":false,"ngg_post_thumbnail":0,"footnotes":""},"property_type":[193],"property_status":[],"property_feature":[],"property_label":[],"property_state":[],"property_city":[123],"class_list":["post-58749","property","type-property","status-publish","has-post-thumbnail","hentry","property_type-villa-tenuta","property_city-pisa-it"],"property_meta":{"_wpml_media_duplicate":["1"],"_wpml_media_featured":["1"],"houzez_featured_listing_date":[""],"_top_nav_excluded":[""],"_cms_nav_minihome":[""],"_yoast_wpseo_metadesc":["Splendida propriet\u00e0 in una splendida posizione collinare con vista su Pisa e sulla Torre Pendente, XVI secolo, superficie abitabile 510 m, EUR 2.900.000"],"_yoast_wpseo_focuskw":["Propriet\u00e0 da sogno Toscana"],"fave_property_price":["2450000","2450000"],"fave_property_size":["510","510"],"fave_property_size_prefix":["m\u00b2","m\u00b2"],"fave_property_land":["5000"],"fave_property_land_postfix":["m\u00b2"],"fave_property_bedrooms":["8","8"],"fave_property_bathrooms":["5","5"],"fave_property_year":["1600","1600"],"fave_property_id":["EZ04","EZ04"],"fave_property_map":["1","1"],"fave_property_location":["26.641321416597,-80.437431335449,5","26.641321416597,-80.437431335449,5"],"fave_property_map_street_view":["hide","hide"],"fave_energy_class":["F"],"additional_features":["a:1:{i:0;a:2:{s:29:\"fave_additional_feature_title\";s:9:\"Posizione\";s:29:\"fave_additional_feature_value\";s:19:\"Posizione collinare\";}}","a:1:{i:0;a:2:{s:29:\"fave_additional_feature_title\";s:9:\"Posizione\";s:29:\"fave_additional_feature_value\";s:19:\"Posizione collinare\";}}"],"_thumbnail_id":["49969"],"_last_translation_edit_mode":["native-editor"],"_wpml_word_count":["909"],"houzez_total_property_views":["187"],"houzez_views_by_date":["a:61:{s:10:\"12-27-2025\";i:2;s:10:\"12-28-2025\";i:1;s:10:\"12-31-2025\";i:2;s:10:\"01-01-2026\";i:1;s:10:\"01-07-2026\";i:1;s:10:\"01-09-2026\";i:1;s:10:\"01-10-2026\";i:1;s:10:\"01-11-2026\";i:4;s:10:\"01-15-2026\";i:3;s:10:\"01-17-2026\";i:1;s:10:\"01-21-2026\";i:1;s:10:\"01-22-2026\";i:2;s:10:\"01-23-2026\";i:1;s:10:\"01-25-2026\";i:3;s:10:\"01-26-2026\";i:1;s:10:\"01-30-2026\";i:1;s:10:\"02-01-2026\";i:1;s:10:\"02-02-2026\";i:1;s:10:\"02-04-2026\";i:1;s:10:\"02-06-2026\";i:1;s:10:\"02-09-2026\";i:2;s:10:\"02-10-2026\";i:1;s:10:\"02-11-2026\";i:2;s:10:\"02-14-2026\";i:1;s:10:\"02-15-2026\";i:1;s:10:\"02-17-2026\";i:1;s:10:\"02-18-2026\";i:2;s:10:\"02-19-2026\";i:3;s:10:\"02-21-2026\";i:1;s:10:\"02-23-2026\";i:1;s:10:\"02-25-2026\";i:1;s:10:\"02-27-2026\";i:1;s:10:\"03-04-2026\";i:2;s:10:\"03-05-2026\";i:13;s:10:\"03-07-2026\";i:1;s:10:\"03-10-2026\";i:1;s:10:\"03-14-2026\";i:1;s:10:\"03-16-2026\";i:2;s:10:\"03-19-2026\";i:1;s:10:\"03-21-2026\";i:1;s:10:\"03-22-2026\";i:1;s:10:\"03-24-2026\";i:3;s:10:\"03-25-2026\";i:1;s:10:\"03-26-2026\";i:3;s:10:\"03-27-2026\";i:1;s:10:\"03-28-2026\";i:2;s:10:\"03-29-2026\";i:1;s:10:\"03-30-2026\";i:2;s:10:\"04-01-2026\";i:1;s:10:\"04-02-2026\";i:1;s:10:\"04-03-2026\";i:2;s:10:\"04-05-2026\";i:1;s:10:\"04-09-2026\";i:11;s:10:\"04-14-2026\";i:2;s:10:\"04-18-2026\";i:1;s:10:\"04-19-2026\";i:11;s:10:\"04-20-2026\";i:2;s:10:\"04-21-2026\";i:3;s:10:\"04-23-2026\";i:9;s:10:\"04-25-2026\";i:2;s:10:\"04-26-2026\";i:3;}"],"houzez_recently_viewed":["2026-04-26 23:08:32"],"_edit_lock":["1776753050:1"],"_edit_last":["1"],"fave_show_price_placeholder":["0"],"fave_property_images":["47961","47954","47942","47940","47915"],"_monsterinsights_sitenote_active":["0"],"_uf_disable_surveys":[""],"houzez_manual_expire":["0"],"_houzez_expiration_date_status":["saved"],"fave_featured":["0","0"],"houzez_geolocation_lat":["26.641321416597"],"houzez_geolocation_long":["-80.437431335449"],"fave_single_top_area":["global","global"],"fave_single_content_area":["simple","simple"],"_yoast_wpseo_primary_property_type":[""],"_yoast_wpseo_primary_property_status":[""],"_yoast_wpseo_primary_property_feature":[""],"_yoast_wpseo_primary_property_label":[""],"_yoast_wpseo_primary_property_state":[""],"_yoast_wpseo_primary_property_city":[""],"_yoast_wpseo_linkdex":["66"],"_yoast_wpseo_content_score":["30"],"_yoast_wpseo_estimated-reading-time-minutes":["6"],"_elementor_page_assets":["a:0:{}"]},"yoast_head":"<!-- This site is optimized with the Yoast SEO plugin v27.4 - https:\/\/yoast.com\/product\/yoast-seo-wordpress\/ -->\n<title>Propriet\u00e0 da sogno in Toscana con vista su Pisa - Toskana-Immobilien<\/title>\n<meta name=\"description\" content=\"Splendida propriet\u00e0 in una splendida posizione collinare con vista su Pisa e sulla Torre Pendente, XVI secolo, superficie abitabile 510 m, EUR 2.900.000\" \/>\n<meta name=\"robots\" content=\"index, follow, max-snippet:-1, max-image-preview:large, max-video-preview:-1\" \/>\n<link rel=\"canonical\" href=\"https:\/\/www.immobilientoskana.com\/it\/immo\/proprieta-da-sogno-in-toscana-con-vista-su-pisa\/\" \/>\n<meta property=\"og:locale\" content=\"it_IT\" \/>\n<meta property=\"og:type\" content=\"article\" \/>\n<meta property=\"og:title\" content=\"Propriet\u00e0 da sogno in Toscana con vista su Pisa - Toskana-Immobilien\" \/>\n<meta property=\"og:description\" content=\"Splendida propriet\u00e0 in una splendida posizione collinare con vista su Pisa e sulla Torre Pendente, XVI secolo, superficie abitabile 510 m, EUR 2.900.000\" \/>\n<meta property=\"og:url\" content=\"https:\/\/www.immobilientoskana.com\/it\/immo\/proprieta-da-sogno-in-toscana-con-vista-su-pisa\/\" \/>\n<meta property=\"og:site_name\" content=\"Toskana-Immobilien\" \/>\n<meta property=\"article:publisher\" content=\"https:\/\/www.facebook.com\/kristina.schmidt.900\" \/>\n<meta property=\"article:modified_time\" content=\"2026-04-21T06:31:51+00:00\" \/>\n<meta property=\"og:image\" content=\"https:\/\/www.immobilientoskana.com\/wp-content\/uploads\/EZ04.jpg\" \/>\n\t<meta property=\"og:image:width\" content=\"1024\" \/>\n\t<meta property=\"og:image:height\" content=\"576\" \/>\n\t<meta property=\"og:image:type\" content=\"image\/jpeg\" \/>\n<meta name=\"twitter:card\" content=\"summary_large_image\" \/>\n<meta name=\"twitter:label1\" content=\"Tempo di lettura stimato\" \/>\n\t<meta name=\"twitter:data1\" content=\"6 minuti\" \/>\n<script type=\"application\/ld+json\" class=\"yoast-schema-graph\">{\"@context\":\"https:\\\/\\\/schema.org\",\"@graph\":[{\"@type\":\"WebPage\",\"@id\":\"https:\\\/\\\/www.immobilientoskana.com\\\/it\\\/immo\\\/proprieta-da-sogno-in-toscana-con-vista-su-pisa\\\/\",\"url\":\"https:\\\/\\\/www.immobilientoskana.com\\\/it\\\/immo\\\/proprieta-da-sogno-in-toscana-con-vista-su-pisa\\\/\",\"name\":\"Propriet\u00e0 da sogno in Toscana con vista su Pisa - Toskana-Immobilien\",\"isPartOf\":{\"@id\":\"https:\\\/\\\/www.immobilientoskana.com\\\/it\\\/#website\"},\"primaryImageOfPage\":{\"@id\":\"https:\\\/\\\/www.immobilientoskana.com\\\/it\\\/immo\\\/proprieta-da-sogno-in-toscana-con-vista-su-pisa\\\/#primaryimage\"},\"image\":{\"@id\":\"https:\\\/\\\/www.immobilientoskana.com\\\/it\\\/immo\\\/proprieta-da-sogno-in-toscana-con-vista-su-pisa\\\/#primaryimage\"},\"thumbnailUrl\":\"https:\\\/\\\/www.immobilientoskana.com\\\/wp-content\\\/uploads\\\/EZ04.jpg\",\"datePublished\":\"2023-11-20T11:00:43+00:00\",\"dateModified\":\"2026-04-21T06:31:51+00:00\",\"description\":\"Splendida propriet\u00e0 in una splendida posizione collinare con vista su Pisa e sulla Torre Pendente, XVI secolo, superficie abitabile 510 m, EUR 2.900.000\",\"breadcrumb\":{\"@id\":\"https:\\\/\\\/www.immobilientoskana.com\\\/it\\\/immo\\\/proprieta-da-sogno-in-toscana-con-vista-su-pisa\\\/#breadcrumb\"},\"inLanguage\":\"it-IT\",\"potentialAction\":[{\"@type\":\"ReadAction\",\"target\":[\"https:\\\/\\\/www.immobilientoskana.com\\\/it\\\/immo\\\/proprieta-da-sogno-in-toscana-con-vista-su-pisa\\\/\"]}]},{\"@type\":\"ImageObject\",\"inLanguage\":\"it-IT\",\"@id\":\"https:\\\/\\\/www.immobilientoskana.com\\\/it\\\/immo\\\/proprieta-da-sogno-in-toscana-con-vista-su-pisa\\\/#primaryimage\",\"url\":\"https:\\\/\\\/www.immobilientoskana.com\\\/wp-content\\\/uploads\\\/EZ04.jpg\",\"contentUrl\":\"https:\\\/\\\/www.immobilientoskana.com\\\/wp-content\\\/uploads\\\/EZ04.jpg\",\"width\":1024,\"height\":576},{\"@type\":\"BreadcrumbList\",\"@id\":\"https:\\\/\\\/www.immobilientoskana.com\\\/it\\\/immo\\\/proprieta-da-sogno-in-toscana-con-vista-su-pisa\\\/#breadcrumb\",\"itemListElement\":[{\"@type\":\"ListItem\",\"position\":1,\"name\":\"Startseite\",\"item\":\"https:\\\/\\\/www.immobilientoskana.com\\\/it\\\/\"},{\"@type\":\"ListItem\",\"position\":2,\"name\":\"Propriet\u00e0\",\"item\":\"https:\\\/\\\/www.immobilientoskana.com\\\/it\\\/immo\\\/\"},{\"@type\":\"ListItem\",\"position\":3,\"name\":\"Propriet\u00e0 da sogno in Toscana con vista su Pisa\"}]},{\"@type\":\"WebSite\",\"@id\":\"https:\\\/\\\/www.immobilientoskana.com\\\/it\\\/#website\",\"url\":\"https:\\\/\\\/www.immobilientoskana.com\\\/it\\\/\",\"name\":\"Toskana-Immobilien\",\"description\":\"Ankommen in der Toskana mit Kristina Schmidt\",\"publisher\":{\"@id\":\"https:\\\/\\\/www.immobilientoskana.com\\\/it\\\/#organization\"},\"potentialAction\":[{\"@type\":\"SearchAction\",\"target\":{\"@type\":\"EntryPoint\",\"urlTemplate\":\"https:\\\/\\\/www.immobilientoskana.com\\\/it\\\/?s={search_term_string}\"},\"query-input\":{\"@type\":\"PropertyValueSpecification\",\"valueRequired\":true,\"valueName\":\"search_term_string\"}}],\"inLanguage\":\"it-IT\"},{\"@type\":\"Organization\",\"@id\":\"https:\\\/\\\/www.immobilientoskana.com\\\/it\\\/#organization\",\"name\":\"Toskana-ImmobilienImmobilienagentur Futuro Felice\",\"url\":\"https:\\\/\\\/www.immobilientoskana.com\\\/it\\\/\",\"logo\":{\"@type\":\"ImageObject\",\"inLanguage\":\"it-IT\",\"@id\":\"https:\\\/\\\/www.immobilientoskana.com\\\/it\\\/#\\\/schema\\\/logo\\\/image\\\/\",\"url\":\"https:\\\/\\\/www.immobilientoskana.com\\\/wp-content\\\/uploads\\\/immo_logo_small.png\",\"contentUrl\":\"https:\\\/\\\/www.immobilientoskana.com\\\/wp-content\\\/uploads\\\/immo_logo_small.png\",\"width\":1200,\"height\":200,\"caption\":\"Toskana-ImmobilienImmobilienagentur Futuro Felice\"},\"image\":{\"@id\":\"https:\\\/\\\/www.immobilientoskana.com\\\/it\\\/#\\\/schema\\\/logo\\\/image\\\/\"},\"sameAs\":[\"https:\\\/\\\/www.facebook.com\\\/kristina.schmidt.900\",\"https:\\\/\\\/www.linkedin.com\\\/in\\\/kristina-schmidt-002a4a39\"]}]}<\/script>\n<!-- \/ Yoast SEO plugin. -->","yoast_head_json":{"title":"Propriet\u00e0 da sogno in Toscana con vista su Pisa - Toskana-Immobilien","description":"Splendida propriet\u00e0 in una splendida posizione collinare con vista su Pisa e sulla Torre Pendente, XVI secolo, superficie abitabile 510 m, EUR 2.900.000","robots":{"index":"index","follow":"follow","max-snippet":"max-snippet:-1","max-image-preview":"max-image-preview:large","max-video-preview":"max-video-preview:-1"},"canonical":"https:\/\/www.immobilientoskana.com\/it\/immo\/proprieta-da-sogno-in-toscana-con-vista-su-pisa\/","og_locale":"it_IT","og_type":"article","og_title":"Propriet\u00e0 da sogno in Toscana con vista su Pisa - Toskana-Immobilien","og_description":"Splendida propriet\u00e0 in una splendida posizione collinare con vista su Pisa e sulla Torre Pendente, XVI secolo, superficie abitabile 510 m, EUR 2.900.000","og_url":"https:\/\/www.immobilientoskana.com\/it\/immo\/proprieta-da-sogno-in-toscana-con-vista-su-pisa\/","og_site_name":"Toskana-Immobilien","article_publisher":"https:\/\/www.facebook.com\/kristina.schmidt.900","article_modified_time":"2026-04-21T06:31:51+00:00","og_image":[{"width":1024,"height":576,"url":"https:\/\/www.immobilientoskana.com\/wp-content\/uploads\/EZ04.jpg","type":"image\/jpeg"}],"twitter_card":"summary_large_image","twitter_misc":{"Tempo di lettura stimato":"6 minuti"},"schema":{"@context":"https:\/\/schema.org","@graph":[{"@type":"WebPage","@id":"https:\/\/www.immobilientoskana.com\/it\/immo\/proprieta-da-sogno-in-toscana-con-vista-su-pisa\/","url":"https:\/\/www.immobilientoskana.com\/it\/immo\/proprieta-da-sogno-in-toscana-con-vista-su-pisa\/","name":"Propriet\u00e0 da sogno in Toscana con vista su Pisa - Toskana-Immobilien","isPartOf":{"@id":"https:\/\/www.immobilientoskana.com\/it\/#website"},"primaryImageOfPage":{"@id":"https:\/\/www.immobilientoskana.com\/it\/immo\/proprieta-da-sogno-in-toscana-con-vista-su-pisa\/#primaryimage"},"image":{"@id":"https:\/\/www.immobilientoskana.com\/it\/immo\/proprieta-da-sogno-in-toscana-con-vista-su-pisa\/#primaryimage"},"thumbnailUrl":"https:\/\/www.immobilientoskana.com\/wp-content\/uploads\/EZ04.jpg","datePublished":"2023-11-20T11:00:43+00:00","dateModified":"2026-04-21T06:31:51+00:00","description":"Splendida propriet\u00e0 in una splendida posizione collinare con vista su Pisa e sulla Torre Pendente, XVI secolo, superficie abitabile 510 m, EUR 2.900.000","breadcrumb":{"@id":"https:\/\/www.immobilientoskana.com\/it\/immo\/proprieta-da-sogno-in-toscana-con-vista-su-pisa\/#breadcrumb"},"inLanguage":"it-IT","potentialAction":[{"@type":"ReadAction","target":["https:\/\/www.immobilientoskana.com\/it\/immo\/proprieta-da-sogno-in-toscana-con-vista-su-pisa\/"]}]},{"@type":"ImageObject","inLanguage":"it-IT","@id":"https:\/\/www.immobilientoskana.com\/it\/immo\/proprieta-da-sogno-in-toscana-con-vista-su-pisa\/#primaryimage","url":"https:\/\/www.immobilientoskana.com\/wp-content\/uploads\/EZ04.jpg","contentUrl":"https:\/\/www.immobilientoskana.com\/wp-content\/uploads\/EZ04.jpg","width":1024,"height":576},{"@type":"BreadcrumbList","@id":"https:\/\/www.immobilientoskana.com\/it\/immo\/proprieta-da-sogno-in-toscana-con-vista-su-pisa\/#breadcrumb","itemListElement":[{"@type":"ListItem","position":1,"name":"Startseite","item":"https:\/\/www.immobilientoskana.com\/it\/"},{"@type":"ListItem","position":2,"name":"Propriet\u00e0","item":"https:\/\/www.immobilientoskana.com\/it\/immo\/"},{"@type":"ListItem","position":3,"name":"Propriet\u00e0 da sogno in Toscana con vista su Pisa"}]},{"@type":"WebSite","@id":"https:\/\/www.immobilientoskana.com\/it\/#website","url":"https:\/\/www.immobilientoskana.com\/it\/","name":"Toskana-Immobilien","description":"Ankommen in der Toskana mit Kristina Schmidt","publisher":{"@id":"https:\/\/www.immobilientoskana.com\/it\/#organization"},"potentialAction":[{"@type":"SearchAction","target":{"@type":"EntryPoint","urlTemplate":"https:\/\/www.immobilientoskana.com\/it\/?s={search_term_string}"},"query-input":{"@type":"PropertyValueSpecification","valueRequired":true,"valueName":"search_term_string"}}],"inLanguage":"it-IT"},{"@type":"Organization","@id":"https:\/\/www.immobilientoskana.com\/it\/#organization","name":"Toskana-ImmobilienImmobilienagentur Futuro Felice","url":"https:\/\/www.immobilientoskana.com\/it\/","logo":{"@type":"ImageObject","inLanguage":"it-IT","@id":"https:\/\/www.immobilientoskana.com\/it\/#\/schema\/logo\/image\/","url":"https:\/\/www.immobilientoskana.com\/wp-content\/uploads\/immo_logo_small.png","contentUrl":"https:\/\/www.immobilientoskana.com\/wp-content\/uploads\/immo_logo_small.png","width":1200,"height":200,"caption":"Toskana-ImmobilienImmobilienagentur Futuro Felice"},"image":{"@id":"https:\/\/www.immobilientoskana.com\/it\/#\/schema\/logo\/image\/"},"sameAs":["https:\/\/www.facebook.com\/kristina.schmidt.900","https:\/\/www.linkedin.com\/in\/kristina-schmidt-002a4a39"]}]}},"_links":{"self":[{"href":"https:\/\/www.immobilientoskana.com\/it\/wp-json\/wp\/v2\/properties\/58749","targetHints":{"allow":["GET"]}}],"collection":[{"href":"https:\/\/www.immobilientoskana.com\/it\/wp-json\/wp\/v2\/properties"}],"about":[{"href":"https:\/\/www.immobilientoskana.com\/it\/wp-json\/wp\/v2\/types\/property"}],"author":[{"embeddable":true,"href":"https:\/\/www.immobilientoskana.com\/it\/wp-json\/wp\/v2\/users\/4"}],"version-history":[{"count":1,"href":"https:\/\/www.immobilientoskana.com\/it\/wp-json\/wp\/v2\/properties\/58749\/revisions"}],"predecessor-version":[{"id":62430,"href":"https:\/\/www.immobilientoskana.com\/it\/wp-json\/wp\/v2\/properties\/58749\/revisions\/62430"}],"wp:featuredmedia":[{"embeddable":true,"href":"https:\/\/www.immobilientoskana.com\/it\/wp-json\/wp\/v2\/media\/49969"}],"wp:attachment":[{"href":"https:\/\/www.immobilientoskana.com\/it\/wp-json\/wp\/v2\/media?parent=58749"}],"wp:term":[{"taxonomy":"property_type","embeddable":true,"href":"https:\/\/www.immobilientoskana.com\/it\/wp-json\/wp\/v2\/property_type?post=58749"},{"taxonomy":"property_status","embeddable":true,"href":"https:\/\/www.immobilientoskana.com\/it\/wp-json\/wp\/v2\/property_status?post=58749"},{"taxonomy":"property_feature","embeddable":true,"href":"https:\/\/www.immobilientoskana.com\/it\/wp-json\/wp\/v2\/property_feature?post=58749"},{"taxonomy":"property_label","embeddable":true,"href":"https:\/\/www.immobilientoskana.com\/it\/wp-json\/wp\/v2\/property_label?post=58749"},{"taxonomy":"property_state","embeddable":true,"href":"https:\/\/www.immobilientoskana.com\/it\/wp-json\/wp\/v2\/property_state?post=58749"},{"taxonomy":"property_city","embeddable":true,"href":"https:\/\/www.immobilientoskana.com\/it\/wp-json\/wp\/v2\/property_city?post=58749"}],"curies":[{"name":"wp","href":"https:\/\/api.w.org\/{rel}","templated":true}]}}