{"id":59013,"date":"2025-11-20T17:52:28","date_gmt":"2025-11-20T16:52:28","guid":{"rendered":"https:\/\/www.immobilientoskana.com\/immo\/villetta-moderna\/"},"modified":"2026-04-20T12:48:34","modified_gmt":"2026-04-20T10:48:34","slug":"villetta-moderna","status":"publish","type":"property","link":"https:\/\/www.immobilientoskana.com\/it\/immo\/villetta-moderna\/","title":{"rendered":"Villetta moderna"},"content":{"rendered":"<div class=\"su-row\"><div class=\"su-column su-column-size-1-2\"><div class=\"su-column-inner su-u-clearfix su-u-trim\">\n<p>Questa moderna villetta toscana in posizione appartata con 175 metri quadrati e 300 metri quadrati di giardino nella zona vinicola intorno a Terricciola (provincia di Pisa), arredata con estremo gusto, si trova ai margini di un piccolo villaggio con una splendida vista sulle colline rivolte a ovest\/tramonto\/mare. \u00c8 immersa in una fila di case, ma offre una grande privacy grazie al suo design sofisticato con vegetazione mediterranea e schermi per la privacy. Si trova a pochi metri da una strada che collega diversi villaggi. Questa strada non \u00e8 molto trafficata, si sente nella zona anteriore, mentre sul retro e nella casa c&#8217;\u00e8 una pace e una tranquillit\u00e0 assoluta. C&#8217;\u00e8 spazio per una piccola piscina o una jacuzzi. Buona l&#8217;accessibilit\u00e0 a tutte le citt\u00e0 d&#8217;arte e culturali della Toscana. &nbsp;<\/p>\n<p>Dal punto di vista architettonico, si tratta di una casa moderna, completamente terminata nel 2008 e progettata e arredata con grande attenzione ai dettagli. Le grandi finestre ad arco offrono molta luce. Ci sono elementi in pietra naturale, diversi balconi e terrazze e vari angoli accoglienti dove potrai trovare il posto giusto a seconda delle tue esigenze di sole o ombra intorno alla casa.<\/p>\n<p>L<strong>&#8216;arredamento<\/strong>, ricco di eleganza e creativit\u00e0, \u00e8 davvero incantevole. Sono inclusi nel prezzo gli elementi installati in modo permanente come le cucine, i caminetti e gli armadi a muro. Gli altri arredi possono essere acquistati con un supplemento.<\/p>\n<\/div><\/div> <div class=\"su-column su-column-size-1-2\"><div class=\"su-column-inner su-u-clearfix su-u-trim\">\n<p><strong>Divisione:<\/strong><\/p>\n<p><strong>Piano terra:<\/strong> 1 ampio soggiorno con accesso dal giardino, zona pranzo con grande tavolo in legno, cucina con tutti gli attacchi, bagno con doccia, scale al piano superiore, scala a chiocciola al piano inferiore<\/p>\n<p><strong>Primo piano:<\/strong> Piano completo con soffitti con travi a vista, 1 studio con terrazza, 1 camera da letto con terrazza, 1 bagno, 1 angolo lettura, ingresso indipendente.<\/p>\n<p><strong>Taverna\/garage convertito<\/strong>, ampio e soleggiato soggiorno con grandi finestre ad arco, camino e forno per pizza, bagno e angolo cottura e ripostiglio. Davanti c&#8217;\u00e8 un cortile pavimentato con posti auto per 2 auto, ingresso indipendente<\/p>\n<p><strong>Tipo di riscaldamento<\/strong> gas di citt\u00e0, riscaldamento a pavimento, camino<\/p>\n<p><strong>Altre caratteristiche:<\/strong> sistema di allarme, attacchi per l&#8217;aria condizionata disponibili<\/p>\n<p><strong>Distanze:<\/strong><\/p>\n<p>Pisa, aeroporto, mare 38 km, supermercato 4 km, Volterra 30 km, San Gimignano 44 km, autostrada 11 km, stazione ferroviaria 14 km, Firenze 81<\/p>\n<p><strong>Classe energetica C<\/strong><\/p>\n<\/div><\/div><\/div>\n<hr>\n<div class=\"su-row\"><div class=\"su-column su-column-size-1-2\"><div class=\"su-column-inner su-u-clearfix su-u-trim\">\n<h4>Tour della casa<\/h4>\n<p>Bildergalerie (41 Fotos)<\/p>\n\t\r\n\t\t<div id=\"boxGallery\" class=\"g-box59219 Gallery-container gallery-box gbox-font\">\r\n\t\t\t<!-- Regular images -->\r\n\t\t<script type=\"text\/javascript\">\r\n\r\n(function ($) {\r\n\t\"use strict\";\r\n    $(document).ready(function(){\r\n       \/\/lightbox opions\r\n         $('.gb-light').venobox({\r\n        border: '0px',\r\n        bgcolor: '#d2d2d2',\r\n        spinColor: '#b6b6b6',  \r\n        spinner: 'double-bounce',   \r\n        titlePosition: 'bottom'   \r\n        }); \r\n\r\n   if ( $('.g-box59219').length > 0 )\r\n    {\r\n        var $gbox_smasonry59219 = $('.g-box59219').isotope({\r\n            itemSelector : '.gb-masonry59219',\r\n            \/\/masonry: {\r\n                \/\/columnWidth: '.grid-sizer'\r\n            \/\/}\r\n        });\r\n\r\n        $gbox_smasonry59219.imagesLoaded().progress( function() {\r\n            $gbox_smasonry59219.isotope('layout');\r\n            \r\n        });\r\n\r\n    }\/\/check image not empty\r\n\r\n\r\n    });\r\n}(jQuery));\t\r\n\r\n<\/script>\r\n<style type=\"text\/css\">\r\n\r\n\t#boxGallery .iframe-gallery59219 h2{\r\n\t\tcolor: #ffffff;\r\n\t\tfont-size: 17px;\r\n\t\ttext-transform: uppercase;\r\n\t\tpadding: 20px;\r\n\r\n\t}\r\n\t#boxGallery .iframe-gallery59219 h2:before{\r\n\t\tbackground-color: #000000;\r\n\t\topacity: 0.75;\r\n\r\n\t}\r\n\t#boxGallery .iframe-gallery59219.hover button.info,\r\n\t#boxGallery .iframe-gallery59219.hover .gbox-icon i{\r\n\t\t\tcolor: #ffffff;\r\n\t    \tborder: 1px solid #ffffff;\r\n\t    \tfont-size: 14px;\r\n\t\t}\r\n\r\n \r\n\r\n<\/style>\r\n\r\n\t\t<div class=\"gcolumn-3 iframe-gallery iframe-gallery59219 hover ehover5 gb-masonry59219\">\r\n\t\t<div class=\"gbox-margin gbox-iframe\">\r\n\t\t\t<a class=\"gb-light youlight\" data-vbtype=\"iframe\" href=\"https:\/\/www.immobilientoskana.com\/wp-content\/gallery\/moderne-villetta\" data-gall=\"iframeg59219\" title=\"Hausrundgang\/ Tour\/ Tour della casa\">\r\n\t\t\t\t\t<img decoding=\"async\" src=\"https:\/\/www.immobilientoskana.com\/wp-content\/uploads\/Moderne-Villetta-2-450x450.jpg\" alt=\"Hausrundgang\/ Tour\/ Tour della casa\" title=\"Hausrundgang\/ Tour\/ Tour della casa\" \/>\r\n\t\t\t \t\t\t<div class=\"overlay\">\r\n\t\t\t\t<h2>Hausrundgang\/ Tour\/ Tour della casa<\/h2>\r\n\t\t\t\t<button class=\"info\">\r\n\t\t\t\t\tBilder zeigen\/ Show pictures\/ Mostra immagini\t\t\t\t<\/button>\r\n\t\t\t<\/div>\r\n\t\t<\/a>\r\n\t\t<\/div>\r\n\t\t<\/div><!--# IFRAME gallery -->\r\n\t\t\t\t\r\n    <\/div>\r\n \r\n\r\n \r\n \n<p>&nbsp;<\/p>\n<\/div><\/div> <div class=\"su-column su-column-size-1-2\"><div class=\"su-column-inner su-u-clearfix su-u-trim\">\n<h4>Contattaci<\/h4>\n\n<div class=\"wpcf7 no-js\" id=\"wpcf7-f61966-o1\" lang=\"de-DE\" dir=\"ltr\" data-wpcf7-id=\"61966\">\n<div class=\"screen-reader-response\"><p role=\"status\" aria-live=\"polite\" aria-atomic=\"true\"><\/p> <ul><\/ul><\/div>\n<form action=\"\/it\/wp-json\/wp\/v2\/properties\/59013#wpcf7-f61966-o1\" method=\"post\" class=\"wpcf7-form init\" aria-label=\"Kontaktformular\" novalidate=\"novalidate\" data-status=\"init\">\n<fieldset class=\"hidden-fields-container\"><input type=\"hidden\" name=\"_wpcf7\" value=\"61966\" \/><input type=\"hidden\" name=\"_wpcf7_version\" value=\"6.1.5\" \/><input type=\"hidden\" name=\"_wpcf7_locale\" value=\"de_DE_formal\" \/><input type=\"hidden\" name=\"_wpcf7_unit_tag\" value=\"wpcf7-f61966-o1\" \/><input type=\"hidden\" name=\"_wpcf7_container_post\" value=\"0\" \/><input type=\"hidden\" name=\"_wpcf7_posted_data_hash\" value=\"\" \/>\n<\/fieldset>\n<p><label> Il tuo nome<br \/>\n<span class=\"wpcf7-form-control-wrap\" data-name=\"your-name\"><input size=\"40\" maxlength=\"400\" class=\"wpcf7-form-control wpcf7-text wpcf7-validates-as-required\" autocomplete=\"name\" aria-required=\"true\" aria-invalid=\"false\" value=\"\" type=\"text\" name=\"your-name\" \/><\/span> <\/label>\n<\/p>\n<p><label> Il tuo indirizzo e-mail<br \/>\n<span class=\"wpcf7-form-control-wrap\" data-name=\"your-email\"><input size=\"40\" maxlength=\"400\" class=\"wpcf7-form-control wpcf7-email wpcf7-validates-as-required wpcf7-text wpcf7-validates-as-email\" autocomplete=\"email\" aria-required=\"true\" aria-invalid=\"false\" value=\"\" type=\"email\" name=\"your-email\" \/><\/span> <\/label>\n<\/p>\n<p><label> Il tuo numero di telefono \u2013 si prega di inserire il prefisso internazionale (facoltativo)<br \/>\n<span class=\"wpcf7-form-control-wrap\" data-name=\"telnummer\"><input size=\"40\" maxlength=\"400\" class=\"wpcf7-form-control wpcf7-text\" aria-invalid=\"false\" value=\"\" type=\"text\" name=\"telnummer\" \/><\/span> <\/label>\n<\/p>\n<p><label> Il tuo messaggio (facoltativo)<br \/>\n<span class=\"wpcf7-form-control-wrap\" data-name=\"your-message\"><textarea cols=\"40\" rows=\"5\" maxlength=\"2000\" class=\"wpcf7-form-control wpcf7-textarea\" aria-invalid=\"false\" name=\"your-message\"><\/textarea><\/span> <\/label>\n<\/p>\n<p><span class=\"wpcf7-form-control-wrap\" data-name=\"acceptance-759\"><span class=\"wpcf7-form-control wpcf7-acceptance\"><span class=\"wpcf7-list-item\"><label><input type=\"checkbox\" name=\"acceptance-759\" value=\"1\" aria-invalid=\"false\" \/><span class=\"wpcf7-list-item-label\">Con la presente acconsento alla trasmissione dei miei dati a Toskana-Immobilien tramite il sito web (GDPR).<\/span><\/label><\/span><\/span><\/span>\n<\/p>\n<p><input class=\"wpcf7-form-control wpcf7-submit has-spinner\" type=\"submit\" value=\"invia\" \/>\n<\/p><div class=\"wpcf7-response-output\" aria-hidden=\"true\"><\/div>\n<\/form>\n<\/div>\n\n<\/div><\/div><\/div>\n","protected":false},"excerpt":{"rendered":"","protected":false},"author":4,"featured_media":59008,"parent":0,"menu_order":0,"template":"","meta":{"content-type":"","_monsterinsights_skip_tracking":false,"_monsterinsights_sitenote_active":false,"_monsterinsights_sitenote_note":"","_monsterinsights_sitenote_category":0,"_uf_show_specific_survey":0,"_uf_disable_surveys":false,"ngg_post_thumbnail":0,"footnotes":""},"property_type":[],"property_status":[168,155],"property_feature":[149,162,126,177,161,127,164,232,150],"property_label":[128,130],"property_state":[],"property_city":[123],"class_list":["post-59013","property","type-property","status-publish","has-post-thumbnail","hentry","property_status-di-lusso","property_status-lussuoso","property_feature-adatto-come-proprieta-per-le-vacanze","property_feature-balcone","property_feature-camino","property_feature-garage-it","property_feature-giardino","property_feature-piazzole","property_feature-sistema-di-allarme","property_feature-stufa-a-legna","property_feature-terrazza","property_label-ai-margini-del-villaggio","property_label-posizione-collinare","property_city-pisa-it"],"property_meta":{"_wpml_media_duplicate":["1"],"_wpml_media_featured":["1"],"houzez_featured_listing_date":[""],"_top_nav_excluded":[""],"_cms_nav_minihome":[""],"_thumbnail_id":["59008"],"_last_translation_edit_mode":["native-editor"],"_wpml_word_count":["413"],"houzez_total_property_views":["191"],"houzez_views_by_date":["a:61:{s:10:\"12-31-2025\";i:1;s:10:\"01-01-2026\";i:1;s:10:\"01-07-2026\";i:2;s:10:\"01-10-2026\";i:3;s:10:\"01-11-2026\";i:2;s:10:\"01-13-2026\";i:3;s:10:\"01-15-2026\";i:4;s:10:\"01-17-2026\";i:1;s:10:\"01-18-2026\";i:1;s:10:\"01-19-2026\";i:1;s:10:\"01-21-2026\";i:1;s:10:\"01-22-2026\";i:1;s:10:\"01-25-2026\";i:5;s:10:\"01-31-2026\";i:1;s:10:\"02-01-2026\";i:2;s:10:\"02-02-2026\";i:2;s:10:\"02-04-2026\";i:1;s:10:\"02-06-2026\";i:2;s:10:\"02-07-2026\";i:1;s:10:\"02-10-2026\";i:2;s:10:\"02-11-2026\";i:2;s:10:\"02-12-2026\";i:1;s:10:\"02-15-2026\";i:1;s:10:\"02-17-2026\";i:1;s:10:\"02-18-2026\";i:4;s:10:\"02-21-2026\";i:1;s:10:\"02-24-2026\";i:1;s:10:\"02-28-2026\";i:1;s:10:\"03-03-2026\";i:1;s:10:\"03-04-2026\";i:2;s:10:\"03-05-2026\";i:6;s:10:\"03-10-2026\";i:1;s:10:\"03-11-2026\";i:3;s:10:\"03-12-2026\";i:3;s:10:\"03-14-2026\";i:1;s:10:\"03-16-2026\";i:1;s:10:\"03-19-2026\";i:2;s:10:\"03-21-2026\";i:3;s:10:\"03-24-2026\";i:3;s:10:\"03-25-2026\";i:1;s:10:\"03-28-2026\";i:1;s:10:\"03-29-2026\";i:1;s:10:\"03-30-2026\";i:1;s:10:\"03-31-2026\";i:1;s:10:\"04-01-2026\";i:5;s:10:\"04-02-2026\";i:1;s:10:\"04-03-2026\";i:1;s:10:\"04-05-2026\";i:1;s:10:\"04-08-2026\";i:2;s:10:\"04-09-2026\";i:5;s:10:\"04-10-2026\";i:2;s:10:\"04-13-2026\";i:2;s:10:\"04-14-2026\";i:1;s:10:\"04-16-2026\";i:1;s:10:\"04-19-2026\";i:6;s:10:\"04-20-2026\";i:4;s:10:\"04-21-2026\";i:1;s:10:\"04-22-2026\";i:1;s:10:\"04-23-2026\";i:4;s:10:\"04-25-2026\";i:1;s:10:\"04-26-2026\";i:2;}"],"houzez_recently_viewed":["2026-04-26 19:57:14"],"_edit_lock":["1776682095:1"],"_edit_last":["1"],"fave_show_price_placeholder":["0"],"_monsterinsights_sitenote_active":["0"],"_uf_disable_surveys":[""],"houzez_manual_expire":["0"],"_houzez_expiration_date_status":["saved"],"houzez_geolocation_lat":["25.68654"],"houzez_geolocation_long":["-80.431345"],"_yoast_wpseo_primary_property_type":[""],"_yoast_wpseo_primary_property_status":[""],"_yoast_wpseo_primary_property_feature":[""],"_yoast_wpseo_primary_property_label":[""],"_yoast_wpseo_primary_property_state":[""],"_yoast_wpseo_primary_property_city":[""],"_yoast_wpseo_content_score":["30"],"_yoast_wpseo_estimated-reading-time-minutes":["3"],"fave_maklerprovision":["5 %"],"fave_property_price":["490000"],"fave_property_size":["175"],"fave_property_size_prefix":["m\u00b2"],"fave_property_land":["300"],"fave_property_land_postfix":["m\u00b2"],"fave_property_id":["VillMano"],"fave_property_map":["1"],"fave_property_location":["25.68654,-80.431345,15"],"fave_property_map_street_view":["hide"],"fave_prop_homeslider":["no"],"fave_property_images":["59006","58960","58966","58897","58891"],"fave_featured":["0"],"fave_single_top_area":["global"],"fave_single_content_area":["global"],"_elementor_page_assets":["a:0:{}"]},"yoast_head":"<!-- This site is optimized with the Yoast SEO plugin v27.4 - https:\/\/yoast.com\/product\/yoast-seo-wordpress\/ -->\n<title>Villetta moderna - Toskana-Immobilien<\/title>\n<meta name=\"robots\" content=\"index, follow, max-snippet:-1, max-image-preview:large, max-video-preview:-1\" \/>\n<link rel=\"canonical\" href=\"https:\/\/www.immobilientoskana.com\/it\/immo\/villetta-moderna\/\" \/>\n<meta property=\"og:locale\" content=\"it_IT\" \/>\n<meta property=\"og:type\" content=\"article\" \/>\n<meta property=\"og:title\" content=\"Villetta moderna - Toskana-Immobilien\" \/>\n<meta property=\"og:url\" content=\"https:\/\/www.immobilientoskana.com\/it\/immo\/villetta-moderna\/\" \/>\n<meta property=\"og:site_name\" content=\"Toskana-Immobilien\" \/>\n<meta property=\"article:publisher\" content=\"https:\/\/www.facebook.com\/kristina.schmidt.900\" \/>\n<meta property=\"article:modified_time\" content=\"2026-04-20T10:48:34+00:00\" \/>\n<meta property=\"og:image\" content=\"https:\/\/www.immobilientoskana.com\/wp-content\/uploads\/Moderne-Villetta-2.jpg\" \/>\n\t<meta property=\"og:image:width\" content=\"1200\" \/>\n\t<meta property=\"og:image:height\" content=\"855\" \/>\n\t<meta property=\"og:image:type\" content=\"image\/jpeg\" \/>\n<meta name=\"twitter:card\" content=\"summary_large_image\" \/>\n<meta name=\"twitter:label1\" content=\"Tempo di lettura stimato\" \/>\n\t<meta name=\"twitter:data1\" content=\"3 minuti\" \/>\n<script type=\"application\/ld+json\" class=\"yoast-schema-graph\">{\"@context\":\"https:\\\/\\\/schema.org\",\"@graph\":[{\"@type\":\"WebPage\",\"@id\":\"https:\\\/\\\/www.immobilientoskana.com\\\/it\\\/immo\\\/villetta-moderna\\\/\",\"url\":\"https:\\\/\\\/www.immobilientoskana.com\\\/it\\\/immo\\\/villetta-moderna\\\/\",\"name\":\"Villetta moderna - Toskana-Immobilien\",\"isPartOf\":{\"@id\":\"https:\\\/\\\/www.immobilientoskana.com\\\/it\\\/#website\"},\"primaryImageOfPage\":{\"@id\":\"https:\\\/\\\/www.immobilientoskana.com\\\/it\\\/immo\\\/villetta-moderna\\\/#primaryimage\"},\"image\":{\"@id\":\"https:\\\/\\\/www.immobilientoskana.com\\\/it\\\/immo\\\/villetta-moderna\\\/#primaryimage\"},\"thumbnailUrl\":\"https:\\\/\\\/www.immobilientoskana.com\\\/wp-content\\\/uploads\\\/Moderne-Villetta-2.jpg\",\"datePublished\":\"2025-11-20T16:52:28+00:00\",\"dateModified\":\"2026-04-20T10:48:34+00:00\",\"breadcrumb\":{\"@id\":\"https:\\\/\\\/www.immobilientoskana.com\\\/it\\\/immo\\\/villetta-moderna\\\/#breadcrumb\"},\"inLanguage\":\"it-IT\",\"potentialAction\":[{\"@type\":\"ReadAction\",\"target\":[\"https:\\\/\\\/www.immobilientoskana.com\\\/it\\\/immo\\\/villetta-moderna\\\/\"]}]},{\"@type\":\"ImageObject\",\"inLanguage\":\"it-IT\",\"@id\":\"https:\\\/\\\/www.immobilientoskana.com\\\/it\\\/immo\\\/villetta-moderna\\\/#primaryimage\",\"url\":\"https:\\\/\\\/www.immobilientoskana.com\\\/wp-content\\\/uploads\\\/Moderne-Villetta-2.jpg\",\"contentUrl\":\"https:\\\/\\\/www.immobilientoskana.com\\\/wp-content\\\/uploads\\\/Moderne-Villetta-2.jpg\",\"width\":1200,\"height\":855,\"caption\":\"Elegant und stilvoll, Einzelhaus Toskana mit Garten und sch\u00f6nem Blick\"},{\"@type\":\"BreadcrumbList\",\"@id\":\"https:\\\/\\\/www.immobilientoskana.com\\\/it\\\/immo\\\/villetta-moderna\\\/#breadcrumb\",\"itemListElement\":[{\"@type\":\"ListItem\",\"position\":1,\"name\":\"Startseite\",\"item\":\"https:\\\/\\\/www.immobilientoskana.com\\\/it\\\/\"},{\"@type\":\"ListItem\",\"position\":2,\"name\":\"Propriet\u00e0\",\"item\":\"https:\\\/\\\/www.immobilientoskana.com\\\/it\\\/immo\\\/\"},{\"@type\":\"ListItem\",\"position\":3,\"name\":\"Villetta moderna\"}]},{\"@type\":\"WebSite\",\"@id\":\"https:\\\/\\\/www.immobilientoskana.com\\\/it\\\/#website\",\"url\":\"https:\\\/\\\/www.immobilientoskana.com\\\/it\\\/\",\"name\":\"Toskana-Immobilien\",\"description\":\"Ankommen in der Toskana mit Kristina Schmidt\",\"publisher\":{\"@id\":\"https:\\\/\\\/www.immobilientoskana.com\\\/it\\\/#organization\"},\"potentialAction\":[{\"@type\":\"SearchAction\",\"target\":{\"@type\":\"EntryPoint\",\"urlTemplate\":\"https:\\\/\\\/www.immobilientoskana.com\\\/it\\\/?s={search_term_string}\"},\"query-input\":{\"@type\":\"PropertyValueSpecification\",\"valueRequired\":true,\"valueName\":\"search_term_string\"}}],\"inLanguage\":\"it-IT\"},{\"@type\":\"Organization\",\"@id\":\"https:\\\/\\\/www.immobilientoskana.com\\\/it\\\/#organization\",\"name\":\"Toskana-ImmobilienImmobilienagentur Futuro Felice\",\"url\":\"https:\\\/\\\/www.immobilientoskana.com\\\/it\\\/\",\"logo\":{\"@type\":\"ImageObject\",\"inLanguage\":\"it-IT\",\"@id\":\"https:\\\/\\\/www.immobilientoskana.com\\\/it\\\/#\\\/schema\\\/logo\\\/image\\\/\",\"url\":\"https:\\\/\\\/www.immobilientoskana.com\\\/wp-content\\\/uploads\\\/immo_logo_small.png\",\"contentUrl\":\"https:\\\/\\\/www.immobilientoskana.com\\\/wp-content\\\/uploads\\\/immo_logo_small.png\",\"width\":1200,\"height\":200,\"caption\":\"Toskana-ImmobilienImmobilienagentur Futuro Felice\"},\"image\":{\"@id\":\"https:\\\/\\\/www.immobilientoskana.com\\\/it\\\/#\\\/schema\\\/logo\\\/image\\\/\"},\"sameAs\":[\"https:\\\/\\\/www.facebook.com\\\/kristina.schmidt.900\",\"https:\\\/\\\/www.linkedin.com\\\/in\\\/kristina-schmidt-002a4a39\"]}]}<\/script>\n<!-- \/ Yoast SEO plugin. -->","yoast_head_json":{"title":"Villetta moderna - Toskana-Immobilien","robots":{"index":"index","follow":"follow","max-snippet":"max-snippet:-1","max-image-preview":"max-image-preview:large","max-video-preview":"max-video-preview:-1"},"canonical":"https:\/\/www.immobilientoskana.com\/it\/immo\/villetta-moderna\/","og_locale":"it_IT","og_type":"article","og_title":"Villetta moderna - Toskana-Immobilien","og_url":"https:\/\/www.immobilientoskana.com\/it\/immo\/villetta-moderna\/","og_site_name":"Toskana-Immobilien","article_publisher":"https:\/\/www.facebook.com\/kristina.schmidt.900","article_modified_time":"2026-04-20T10:48:34+00:00","og_image":[{"width":1200,"height":855,"url":"https:\/\/www.immobilientoskana.com\/wp-content\/uploads\/Moderne-Villetta-2.jpg","type":"image\/jpeg"}],"twitter_card":"summary_large_image","twitter_misc":{"Tempo di lettura stimato":"3 minuti"},"schema":{"@context":"https:\/\/schema.org","@graph":[{"@type":"WebPage","@id":"https:\/\/www.immobilientoskana.com\/it\/immo\/villetta-moderna\/","url":"https:\/\/www.immobilientoskana.com\/it\/immo\/villetta-moderna\/","name":"Villetta moderna - Toskana-Immobilien","isPartOf":{"@id":"https:\/\/www.immobilientoskana.com\/it\/#website"},"primaryImageOfPage":{"@id":"https:\/\/www.immobilientoskana.com\/it\/immo\/villetta-moderna\/#primaryimage"},"image":{"@id":"https:\/\/www.immobilientoskana.com\/it\/immo\/villetta-moderna\/#primaryimage"},"thumbnailUrl":"https:\/\/www.immobilientoskana.com\/wp-content\/uploads\/Moderne-Villetta-2.jpg","datePublished":"2025-11-20T16:52:28+00:00","dateModified":"2026-04-20T10:48:34+00:00","breadcrumb":{"@id":"https:\/\/www.immobilientoskana.com\/it\/immo\/villetta-moderna\/#breadcrumb"},"inLanguage":"it-IT","potentialAction":[{"@type":"ReadAction","target":["https:\/\/www.immobilientoskana.com\/it\/immo\/villetta-moderna\/"]}]},{"@type":"ImageObject","inLanguage":"it-IT","@id":"https:\/\/www.immobilientoskana.com\/it\/immo\/villetta-moderna\/#primaryimage","url":"https:\/\/www.immobilientoskana.com\/wp-content\/uploads\/Moderne-Villetta-2.jpg","contentUrl":"https:\/\/www.immobilientoskana.com\/wp-content\/uploads\/Moderne-Villetta-2.jpg","width":1200,"height":855,"caption":"Elegant und stilvoll, Einzelhaus Toskana mit Garten und sch\u00f6nem Blick"},{"@type":"BreadcrumbList","@id":"https:\/\/www.immobilientoskana.com\/it\/immo\/villetta-moderna\/#breadcrumb","itemListElement":[{"@type":"ListItem","position":1,"name":"Startseite","item":"https:\/\/www.immobilientoskana.com\/it\/"},{"@type":"ListItem","position":2,"name":"Propriet\u00e0","item":"https:\/\/www.immobilientoskana.com\/it\/immo\/"},{"@type":"ListItem","position":3,"name":"Villetta moderna"}]},{"@type":"WebSite","@id":"https:\/\/www.immobilientoskana.com\/it\/#website","url":"https:\/\/www.immobilientoskana.com\/it\/","name":"Toskana-Immobilien","description":"Ankommen in der Toskana mit Kristina Schmidt","publisher":{"@id":"https:\/\/www.immobilientoskana.com\/it\/#organization"},"potentialAction":[{"@type":"SearchAction","target":{"@type":"EntryPoint","urlTemplate":"https:\/\/www.immobilientoskana.com\/it\/?s={search_term_string}"},"query-input":{"@type":"PropertyValueSpecification","valueRequired":true,"valueName":"search_term_string"}}],"inLanguage":"it-IT"},{"@type":"Organization","@id":"https:\/\/www.immobilientoskana.com\/it\/#organization","name":"Toskana-ImmobilienImmobilienagentur Futuro Felice","url":"https:\/\/www.immobilientoskana.com\/it\/","logo":{"@type":"ImageObject","inLanguage":"it-IT","@id":"https:\/\/www.immobilientoskana.com\/it\/#\/schema\/logo\/image\/","url":"https:\/\/www.immobilientoskana.com\/wp-content\/uploads\/immo_logo_small.png","contentUrl":"https:\/\/www.immobilientoskana.com\/wp-content\/uploads\/immo_logo_small.png","width":1200,"height":200,"caption":"Toskana-ImmobilienImmobilienagentur Futuro Felice"},"image":{"@id":"https:\/\/www.immobilientoskana.com\/it\/#\/schema\/logo\/image\/"},"sameAs":["https:\/\/www.facebook.com\/kristina.schmidt.900","https:\/\/www.linkedin.com\/in\/kristina-schmidt-002a4a39"]}]}},"_links":{"self":[{"href":"https:\/\/www.immobilientoskana.com\/it\/wp-json\/wp\/v2\/properties\/59013","targetHints":{"allow":["GET"]}}],"collection":[{"href":"https:\/\/www.immobilientoskana.com\/it\/wp-json\/wp\/v2\/properties"}],"about":[{"href":"https:\/\/www.immobilientoskana.com\/it\/wp-json\/wp\/v2\/types\/property"}],"author":[{"embeddable":true,"href":"https:\/\/www.immobilientoskana.com\/it\/wp-json\/wp\/v2\/users\/4"}],"version-history":[{"count":4,"href":"https:\/\/www.immobilientoskana.com\/it\/wp-json\/wp\/v2\/properties\/59013\/revisions"}],"predecessor-version":[{"id":62340,"href":"https:\/\/www.immobilientoskana.com\/it\/wp-json\/wp\/v2\/properties\/59013\/revisions\/62340"}],"wp:featuredmedia":[{"embeddable":true,"href":"https:\/\/www.immobilientoskana.com\/it\/wp-json\/wp\/v2\/media\/59008"}],"wp:attachment":[{"href":"https:\/\/www.immobilientoskana.com\/it\/wp-json\/wp\/v2\/media?parent=59013"}],"wp:term":[{"taxonomy":"property_type","embeddable":true,"href":"https:\/\/www.immobilientoskana.com\/it\/wp-json\/wp\/v2\/property_type?post=59013"},{"taxonomy":"property_status","embeddable":true,"href":"https:\/\/www.immobilientoskana.com\/it\/wp-json\/wp\/v2\/property_status?post=59013"},{"taxonomy":"property_feature","embeddable":true,"href":"https:\/\/www.immobilientoskana.com\/it\/wp-json\/wp\/v2\/property_feature?post=59013"},{"taxonomy":"property_label","embeddable":true,"href":"https:\/\/www.immobilientoskana.com\/it\/wp-json\/wp\/v2\/property_label?post=59013"},{"taxonomy":"property_state","embeddable":true,"href":"https:\/\/www.immobilientoskana.com\/it\/wp-json\/wp\/v2\/property_state?post=59013"},{"taxonomy":"property_city","embeddable":true,"href":"https:\/\/www.immobilientoskana.com\/it\/wp-json\/wp\/v2\/property_city?post=59013"}],"curies":[{"name":"wp","href":"https:\/\/api.w.org\/{rel}","templated":true}]}}