{"id":62281,"date":"2026-04-18T07:20:30","date_gmt":"2026-04-18T05:20:30","guid":{"rendered":"https:\/\/www.immobilientoskana.com\/immo\/riserva-di-caccia-nei-pressi-di-castelfalfi\/"},"modified":"2026-04-23T13:42:45","modified_gmt":"2026-04-23T11:42:45","slug":"riserva-di-caccia-nei-pressi-di-castelfalfi","status":"publish","type":"property","link":"https:\/\/www.immobilientoskana.com\/it\/immo\/riserva-di-caccia-nei-pressi-di-castelfalfi\/","title":{"rendered":"Riserva di caccia nei pressi di Castelfalfi"},"content":{"rendered":"<div class=\"su-row\"><div class=\"su-column su-column-size-1-2\"><div class=\"su-column-inner su-u-clearfix su-u-trim\">\n<p><strong>39 ettari di terreno, casa di 140 m\u00b2, campi, bosco, lago sorgente<\/strong><\/p>\n<p>La tenuta si estende su 39 ettari, di cui 8-9 sono terreni coltivati; comprende un piccolo \u00ablago sorgente\u00bb ricco di pesci, da cui nasce il fiume \u00abCarfalo\u00bb, mentre il resto \u00e8 costituito da boschi di vario tipo, nei quali \u00e8 possibile trovare funghi di eccezionale pregio (porcini, boleti e probabilmente tartufi). Sul terreno sgorga il fiume CARFALO e vi si trova un meraviglioso laghetto naturale alimentato da acqua di sorgente, in cui vivono numerosi pesci commestibili; confina con un\u2019area naturale di enorme interesse, il Parco Naturale di Anpil (dove vive anche la rara salamandra dagli occhiali, che popola solo habitat incontaminati) e ospita alberi secolari. Il tutto si inserisce in un contesto unico, che in futuro acquisir\u00e0 sicuramente valore.<\/p>\n<p>Inoltre, \u00e8 una \u201czona di caccia\u201d estremamente interessante. Qui \u00e8 consentito cacciare legalmente cinghiali, fagiani e lepri, e vi si trovano anche una famiglia di volpi e dei daini, che da anni vivono l\u00ec in tutta tranquillit\u00e0.<\/p>\n<p>Qui \u00e8 possibile coltivare una vasta gamma di colture agricole di vario tipo; inoltre, si prestano a lunghe e piacevoli passeggiate a piedi o a cavallo lungo la strada sterrata esistente che circonda e attraversa la propriet\u00e0 e che \u00e8 percorribile con fuoristrada, mountain bike o quad.<\/p>\n<p>La casetta misura solo circa 140 m\u00b2: 2 camere da letto (\u00e8 tuttavia possibile ricavarne facilmente una terza), 2 bagni, un ampio soggiorno-sala da pranzo e una cucina molto spaziosa. Viene utilizzata raramente, quindi \u00e8 spesso chiusa a chiave e necessita di una rinfrescata.<\/p>\n<p><strong>Per quanto riguarda la posizione<\/strong><\/p>\n<p>Questa tenuta si trova in una zona molto suggestiva nei pressi di Montaione, a ridosso di una delle <strong>perle della Toscana: CASTELFALFI<\/strong>. Questa zona \u00e8 molto ambita e di grande interesse turistico, senza per\u00f2 essere affollata.&nbsp;La zona \u00e8 una delle pi\u00f9 belle ed \u00e8 facilmente raggiungibile dagli aeroporti di Firenze e Pisa, nonch\u00e9 tramite le autostrade. Ci troviamo nelle vicinanze di SAN GIMIGNANO, VOLTERRA, FIRENZE, PISA e SIENA, e da qui \u00e8 facile raggiungere la costa toscana, che per di pi\u00f9 \u00e8 ancora poco affollata.<\/p>\n<\/div><\/div> <div class=\"su-column su-column-size-1-2\"><div class=\"su-column-inner su-u-clearfix su-u-trim\">\n<p><img fetchpriority=\"high\" decoding=\"async\" class=\"alignnone size-full wp-image-62696\" src=\"https:\/\/www.immobilientoskana.com\/wp-content\/uploads\/Jagdrevier_San-Vivaldo_Toscana_Karte.jpg\" alt=\"\" width=\"700\" height=\"700\" srcset=\"https:\/\/www.immobilientoskana.com\/wp-content\/uploads\/Jagdrevier_San-Vivaldo_Toscana_Karte.jpg 700w, https:\/\/www.immobilientoskana.com\/wp-content\/uploads\/Jagdrevier_San-Vivaldo_Toscana_Karte-300x300.jpg 300w, https:\/\/www.immobilientoskana.com\/wp-content\/uploads\/Jagdrevier_San-Vivaldo_Toscana_Karte-150x150.jpg 150w, https:\/\/www.immobilientoskana.com\/wp-content\/uploads\/Jagdrevier_San-Vivaldo_Toscana_Karte-450x450.jpg 450w, https:\/\/www.immobilientoskana.com\/wp-content\/uploads\/Jagdrevier_San-Vivaldo_Toscana_Karte-600x600.jpg 600w, https:\/\/www.immobilientoskana.com\/wp-content\/uploads\/Jagdrevier_San-Vivaldo_Toscana_Karte-496x496.jpg 496w\" sizes=\"(max-width: 700px) 100vw, 700px\" \/><\/p>\n<p>&nbsp;<\/p>\n<p>Chi acquista questa propriet\u00e0 dovrebbe essere un amante della natura e della buona cucina: l&#8217;aria \u00e8 eccellente e la natura qui si mostra nel suo aspetto pi\u00f9 bello, in tutte le sue sfaccettature.<\/p>\n<\/div><\/div><\/div>\n<hr>\n<div class=\"su-row\"><div class=\"su-column su-column-size-1-2\"><div class=\"su-column-inner su-u-clearfix su-u-trim\">\n<h4>Tour<\/h4>\n<p>Galleria di immagini (29 foto)<\/p>\n\t\r\n\t\t<div id=\"boxGallery\" class=\"g-box62312 Gallery-container gallery-box gbox-font\">\r\n\t\t\t<!-- Regular images -->\r\n\t\t<script type=\"text\/javascript\">\r\n\r\n(function ($) {\r\n\t\"use strict\";\r\n    $(document).ready(function(){\r\n       \/\/lightbox opions\r\n         $('.gb-light').venobox({\r\n        border: '0px',\r\n        bgcolor: '#d2d2d2',\r\n        spinColor: '#b6b6b6',  \r\n        spinner: 'double-bounce',   \r\n        titlePosition: 'bottom'   \r\n        }); \r\n\r\n   if ( $('.g-box62312').length > 0 )\r\n    {\r\n        var $gbox_smasonry62312 = $('.g-box62312').isotope({\r\n            itemSelector : '.gb-masonry62312',\r\n            \/\/masonry: {\r\n                \/\/columnWidth: '.grid-sizer'\r\n            \/\/}\r\n        });\r\n\r\n        $gbox_smasonry62312.imagesLoaded().progress( function() {\r\n            $gbox_smasonry62312.isotope('layout');\r\n            \r\n        });\r\n\r\n    }\/\/check image not empty\r\n\r\n\r\n    });\r\n}(jQuery));\t\r\n\r\n<\/script>\r\n<style type=\"text\/css\">\r\n\r\n\t#boxGallery .iframe-gallery62312 h2{\r\n\t\tcolor: #ffffff;\r\n\t\tfont-size: 17px;\r\n\t\ttext-transform: uppercase;\r\n\t\tpadding: 20px;\r\n\r\n\t}\r\n\t#boxGallery .iframe-gallery62312 h2:before{\r\n\t\tbackground-color: #000000;\r\n\t\topacity: 0.75;\r\n\r\n\t}\r\n\t#boxGallery .iframe-gallery62312.hover button.info,\r\n\t#boxGallery .iframe-gallery62312.hover .gbox-icon i{\r\n\t\t\tcolor: #ffffff;\r\n\t    \tborder: 1px solid #ffffff;\r\n\t    \tfont-size: 14px;\r\n\t\t}\r\n\r\n \r\n\r\n<\/style>\r\n\r\n\t\t<div class=\"gcolumn-3 iframe-gallery iframe-gallery62312 hover ehover5 gb-masonry62312\">\r\n\t\t<div class=\"gbox-margin gbox-iframe\">\r\n\t\t\t<a class=\"gb-light youlight\" data-vbtype=\"iframe\" href=\"https:\/\/www.immobilientoskana.com\/wp-content\/gallery\/jagdrevier-bei-castelfalfi\" data-gall=\"iframeg62312\" title=\"Rundgang\/ Tour\">\r\n\t\t\t\t\t<img decoding=\"async\" src=\"https:\/\/www.immobilientoskana.com\/wp-content\/uploads\/Jagdrevier_San-Vivaldo_Toscana_75-1-450x450.jpg\" alt=\"Rundgang\/ Tour\" title=\"Rundgang\/ Tour\" \/>\r\n\t\t\t \t\t\t<div class=\"overlay\">\r\n\t\t\t\t<h2>Rundgang\/ Tour<\/h2>\r\n\t\t\t\t<button class=\"info\">\r\n\t\t\t\t\tBilder zeigen\/ Show pictures\/ Mostra immagini\t\t\t\t<\/button>\r\n\t\t\t<\/div>\r\n\t\t<\/a>\r\n\t\t<\/div>\r\n\t\t<\/div><!--# IFRAME gallery -->\r\n\t\t\t\t\r\n    <\/div>\r\n \r\n\r\n \r\n \n<p>&nbsp;<\/p>\n<\/div><\/div> <div class=\"su-column su-column-size-1-2\"><div class=\"su-column-inner su-u-clearfix su-u-trim\">\n<h4>Contattaci<\/h4>\n\n<div class=\"wpcf7 no-js\" id=\"wpcf7-f61966-o1\" lang=\"de-DE\" dir=\"ltr\" data-wpcf7-id=\"61966\">\n<div class=\"screen-reader-response\"><p role=\"status\" aria-live=\"polite\" aria-atomic=\"true\"><\/p> <ul><\/ul><\/div>\n<form action=\"\/it\/wp-json\/wp\/v2\/properties\/62281#wpcf7-f61966-o1\" method=\"post\" class=\"wpcf7-form init\" aria-label=\"Kontaktformular\" novalidate=\"novalidate\" data-status=\"init\">\n<fieldset class=\"hidden-fields-container\"><input type=\"hidden\" name=\"_wpcf7\" value=\"61966\" \/><input type=\"hidden\" name=\"_wpcf7_version\" value=\"6.1.5\" \/><input type=\"hidden\" name=\"_wpcf7_locale\" value=\"de_DE_formal\" \/><input type=\"hidden\" name=\"_wpcf7_unit_tag\" value=\"wpcf7-f61966-o1\" \/><input type=\"hidden\" name=\"_wpcf7_container_post\" value=\"0\" \/><input type=\"hidden\" name=\"_wpcf7_posted_data_hash\" value=\"\" \/>\n<\/fieldset>\n<p><label> Il tuo nome<br \/>\n<span class=\"wpcf7-form-control-wrap\" data-name=\"your-name\"><input size=\"40\" maxlength=\"400\" class=\"wpcf7-form-control wpcf7-text wpcf7-validates-as-required\" autocomplete=\"name\" aria-required=\"true\" aria-invalid=\"false\" value=\"\" type=\"text\" name=\"your-name\" \/><\/span> <\/label>\n<\/p>\n<p><label> Il tuo indirizzo e-mail<br \/>\n<span class=\"wpcf7-form-control-wrap\" data-name=\"your-email\"><input size=\"40\" maxlength=\"400\" class=\"wpcf7-form-control wpcf7-email wpcf7-validates-as-required wpcf7-text wpcf7-validates-as-email\" autocomplete=\"email\" aria-required=\"true\" aria-invalid=\"false\" value=\"\" type=\"email\" name=\"your-email\" \/><\/span> <\/label>\n<\/p>\n<p><label> Il tuo numero di telefono \u2013 si prega di inserire il prefisso internazionale (facoltativo)<br \/>\n<span class=\"wpcf7-form-control-wrap\" data-name=\"telnummer\"><input size=\"40\" maxlength=\"400\" class=\"wpcf7-form-control wpcf7-text\" aria-invalid=\"false\" value=\"\" type=\"text\" name=\"telnummer\" \/><\/span> <\/label>\n<\/p>\n<p><label> Il tuo messaggio (facoltativo)<br \/>\n<span class=\"wpcf7-form-control-wrap\" data-name=\"your-message\"><textarea cols=\"40\" rows=\"5\" maxlength=\"2000\" class=\"wpcf7-form-control wpcf7-textarea\" aria-invalid=\"false\" name=\"your-message\"><\/textarea><\/span> <\/label>\n<\/p>\n<p><span class=\"wpcf7-form-control-wrap\" data-name=\"acceptance-759\"><span class=\"wpcf7-form-control wpcf7-acceptance\"><span class=\"wpcf7-list-item\"><label><input type=\"checkbox\" name=\"acceptance-759\" value=\"1\" aria-invalid=\"false\" \/><span class=\"wpcf7-list-item-label\">Con la presente acconsento alla trasmissione dei miei dati a Toskana-Immobilien tramite il sito web (GDPR).<\/span><\/label><\/span><\/span><\/span>\n<\/p>\n<p><input class=\"wpcf7-form-control wpcf7-submit has-spinner\" type=\"submit\" value=\"invia\" \/>\n<\/p><div class=\"wpcf7-response-output\" aria-hidden=\"true\"><\/div>\n<\/form>\n<\/div>\n\n<\/div><\/div><\/div>\n<hr>\n<div class=\"su-row\"><div class=\"su-column su-column-size-1-2\"><div class=\"su-column-inner su-u-clearfix su-u-trim\">\n<p>La tenuta offre sia la tranquillit\u00e0 tanto desiderata sia una vita piacevole, poich\u00e9 confina direttamente con il famoso RESORT CASTELFALFI, che nel 2025 insignito dal premio \u201cTRAVEL LEISURE\u2019S WORLD\u2019S BEST AWARDS 2025\u201d come miglior resort n. 1 in ITALIA, n. 2 in Europa e n. 20 al mondo, con ristoranti, piscina e un magnifico campo da golf. Il tutto a soli 5 minuti di auto da questa propriet\u00e0.<\/p>\n<p>Castelfalfi continua a crescere costantemente (l&#8217;azienda ha recentemente acquisito numerosi immobili a circa 5 km di distanza (IANO)), e non \u00e8 da escludere che nel prossimo futuro possa essere interessata ad acquistare anche questo terreno; dal punto di vista commerciale, ci\u00f2 \u00e8 quindi estremamente positivo e interessante.<\/p>\n<\/div><\/div> <div class=\"su-column su-column-size-1-2\"><div class=\"su-column-inner su-u-clearfix su-u-trim\">\n<p>A soli 5 minuti a piedi da questa tenuta si trova un piccolo borgo con un ristorante tipico toscano, oltre a un panificio e un negozio di generi vari. Il monastero di San Vivaldo, con una piccola ma attiva chiesa francescana, chiamato anche \u201cla Gerusalemme della Toscana\u201d, \u00e8 una versione in miniatura di Gerusalemme, un importante luogo mistico che esiste dal 1497 e che, con il suo grande parco e i suoi boschi, rappresenta un&#8217;oasi di pace e tranquillit\u00e0. Nelle vicinanze si trovano numerosi altri piccoli ristoranti con ottimo cibo e specialit\u00e0 toscane.<\/p>\n<\/div><\/div><\/div>\n","protected":false},"excerpt":{"rendered":"","protected":false},"author":4,"featured_media":62101,"parent":0,"menu_order":0,"template":"","meta":{"content-type":"","_monsterinsights_skip_tracking":false,"_monsterinsights_sitenote_active":false,"_monsterinsights_sitenote_note":"","_monsterinsights_sitenote_category":0,"_uf_show_specific_survey":0,"_uf_disable_surveys":false,"ngg_post_thumbnail":0,"footnotes":""},"property_type":[],"property_status":[135],"property_feature":[149,125,127],"property_label":[152,130],"property_state":[],"property_city":[123],"class_list":["post-62281","property","type-property","status-publish","has-post-thumbnail","hentry","property_status-da-ristrutturare","property_feature-adatto-come-proprieta-per-le-vacanze","property_feature-parzialmente-arredato","property_feature-piazzole","property_label-in-campagna","property_label-posizione-collinare","property_city-pisa-it"],"property_meta":{"_last_translation_edit_mode":["native-editor"],"_wpml_media_duplicate":["1"],"_wpml_media_featured":["1"],"houzez_featured_listing_date":[""],"_top_nav_excluded":[""],"_cms_nav_minihome":[""],"fave_property_price":["700000"],"fave_property_size":["140"],"fave_property_land":["39 ha"],"fave_property_id":["territorio di caccia"],"fave_property_map":["1"],"fave_property_location":["25.68654,-80.431345,15"],"fave_property_map_street_view":["hide"],"fave_prop_homeslider":["no"],"_thumbnail_id":["62101"],"_wpml_word_count":["630"],"houzez_total_property_views":["21"],"houzez_views_by_date":["a:5:{s:10:\"04-19-2026\";i:2;s:10:\"04-20-2026\";i:5;s:10:\"04-22-2026\";i:4;s:10:\"04-23-2026\";i:7;s:10:\"04-26-2026\";i:4;}"],"houzez_recently_viewed":["2026-04-26 19:49:48"],"_edit_lock":["1776944888:1"],"_edit_last":["1"],"fave_show_price_placeholder":["0"],"_monsterinsights_sitenote_active":["0"],"_uf_disable_surveys":[""],"houzez_manual_expire":["0"],"_houzez_expiration_date_status":["saved"],"houzez_geolocation_lat":["25.68654"],"houzez_geolocation_long":["-80.431345"],"_yoast_wpseo_primary_property_type":[""],"_yoast_wpseo_primary_property_status":[""],"_yoast_wpseo_primary_property_feature":[""],"_yoast_wpseo_primary_property_label":[""],"_yoast_wpseo_primary_property_state":[""],"_yoast_wpseo_primary_property_city":[""],"_yoast_wpseo_content_score":["30"],"_yoast_wpseo_estimated-reading-time-minutes":["4"],"fave_maklerprovision":["5 %"],"_wpml_media_has_media":["1"],"fave_property_images":["62165","62159","62141","62138","62078"],"fave_featured":["0"],"fave_single_top_area":["global"],"fave_single_content_area":["global"],"_elementor_page_assets":["a:0:{}"]},"yoast_head":"<!-- This site is optimized with the Yoast SEO plugin v27.4 - https:\/\/yoast.com\/product\/yoast-seo-wordpress\/ -->\n<title>Riserva di caccia nei pressi di Castelfalfi - Toskana-Immobilien<\/title>\n<meta name=\"robots\" content=\"index, follow, max-snippet:-1, max-image-preview:large, max-video-preview:-1\" \/>\n<link rel=\"canonical\" href=\"https:\/\/www.immobilientoskana.com\/it\/immo\/riserva-di-caccia-nei-pressi-di-castelfalfi\/\" \/>\n<meta property=\"og:locale\" content=\"it_IT\" \/>\n<meta property=\"og:type\" content=\"article\" \/>\n<meta property=\"og:title\" content=\"Riserva di caccia nei pressi di Castelfalfi - Toskana-Immobilien\" \/>\n<meta property=\"og:url\" content=\"https:\/\/www.immobilientoskana.com\/it\/immo\/riserva-di-caccia-nei-pressi-di-castelfalfi\/\" \/>\n<meta property=\"og:site_name\" content=\"Toskana-Immobilien\" \/>\n<meta property=\"article:publisher\" content=\"https:\/\/www.facebook.com\/kristina.schmidt.900\" \/>\n<meta property=\"article:modified_time\" content=\"2026-04-23T11:42:45+00:00\" \/>\n<meta property=\"og:image\" content=\"https:\/\/www.immobilientoskana.com\/wp-content\/uploads\/Jagdrevier_San-Vivaldo_Toscana_64.jpg\" \/>\n\t<meta property=\"og:image:width\" content=\"1000\" \/>\n\t<meta property=\"og:image:height\" content=\"747\" \/>\n\t<meta property=\"og:image:type\" content=\"image\/jpeg\" \/>\n<meta name=\"twitter:card\" content=\"summary_large_image\" \/>\n<meta name=\"twitter:label1\" content=\"Tempo di lettura stimato\" \/>\n\t<meta name=\"twitter:data1\" content=\"4 minuti\" \/>\n<script type=\"application\/ld+json\" class=\"yoast-schema-graph\">{\"@context\":\"https:\\\/\\\/schema.org\",\"@graph\":[{\"@type\":\"WebPage\",\"@id\":\"https:\\\/\\\/www.immobilientoskana.com\\\/it\\\/immo\\\/riserva-di-caccia-nei-pressi-di-castelfalfi\\\/\",\"url\":\"https:\\\/\\\/www.immobilientoskana.com\\\/it\\\/immo\\\/riserva-di-caccia-nei-pressi-di-castelfalfi\\\/\",\"name\":\"Riserva di caccia nei pressi di Castelfalfi - Toskana-Immobilien\",\"isPartOf\":{\"@id\":\"https:\\\/\\\/www.immobilientoskana.com\\\/it\\\/#website\"},\"primaryImageOfPage\":{\"@id\":\"https:\\\/\\\/www.immobilientoskana.com\\\/it\\\/immo\\\/riserva-di-caccia-nei-pressi-di-castelfalfi\\\/#primaryimage\"},\"image\":{\"@id\":\"https:\\\/\\\/www.immobilientoskana.com\\\/it\\\/immo\\\/riserva-di-caccia-nei-pressi-di-castelfalfi\\\/#primaryimage\"},\"thumbnailUrl\":\"https:\\\/\\\/www.immobilientoskana.com\\\/wp-content\\\/uploads\\\/Jagdrevier_San-Vivaldo_Toscana_64.jpg\",\"datePublished\":\"2026-04-18T05:20:30+00:00\",\"dateModified\":\"2026-04-23T11:42:45+00:00\",\"breadcrumb\":{\"@id\":\"https:\\\/\\\/www.immobilientoskana.com\\\/it\\\/immo\\\/riserva-di-caccia-nei-pressi-di-castelfalfi\\\/#breadcrumb\"},\"inLanguage\":\"it-IT\",\"potentialAction\":[{\"@type\":\"ReadAction\",\"target\":[\"https:\\\/\\\/www.immobilientoskana.com\\\/it\\\/immo\\\/riserva-di-caccia-nei-pressi-di-castelfalfi\\\/\"]}]},{\"@type\":\"ImageObject\",\"inLanguage\":\"it-IT\",\"@id\":\"https:\\\/\\\/www.immobilientoskana.com\\\/it\\\/immo\\\/riserva-di-caccia-nei-pressi-di-castelfalfi\\\/#primaryimage\",\"url\":\"https:\\\/\\\/www.immobilientoskana.com\\\/wp-content\\\/uploads\\\/Jagdrevier_San-Vivaldo_Toscana_64.jpg\",\"contentUrl\":\"https:\\\/\\\/www.immobilientoskana.com\\\/wp-content\\\/uploads\\\/Jagdrevier_San-Vivaldo_Toscana_64.jpg\",\"width\":1000,\"height\":747},{\"@type\":\"BreadcrumbList\",\"@id\":\"https:\\\/\\\/www.immobilientoskana.com\\\/it\\\/immo\\\/riserva-di-caccia-nei-pressi-di-castelfalfi\\\/#breadcrumb\",\"itemListElement\":[{\"@type\":\"ListItem\",\"position\":1,\"name\":\"Startseite\",\"item\":\"https:\\\/\\\/www.immobilientoskana.com\\\/it\\\/\"},{\"@type\":\"ListItem\",\"position\":2,\"name\":\"Propriet\u00e0\",\"item\":\"https:\\\/\\\/www.immobilientoskana.com\\\/it\\\/immo\\\/\"},{\"@type\":\"ListItem\",\"position\":3,\"name\":\"Riserva di caccia nei pressi di Castelfalfi\"}]},{\"@type\":\"WebSite\",\"@id\":\"https:\\\/\\\/www.immobilientoskana.com\\\/it\\\/#website\",\"url\":\"https:\\\/\\\/www.immobilientoskana.com\\\/it\\\/\",\"name\":\"Toskana-Immobilien\",\"description\":\"Ankommen in der Toskana mit Kristina Schmidt\",\"publisher\":{\"@id\":\"https:\\\/\\\/www.immobilientoskana.com\\\/it\\\/#organization\"},\"potentialAction\":[{\"@type\":\"SearchAction\",\"target\":{\"@type\":\"EntryPoint\",\"urlTemplate\":\"https:\\\/\\\/www.immobilientoskana.com\\\/it\\\/?s={search_term_string}\"},\"query-input\":{\"@type\":\"PropertyValueSpecification\",\"valueRequired\":true,\"valueName\":\"search_term_string\"}}],\"inLanguage\":\"it-IT\"},{\"@type\":\"Organization\",\"@id\":\"https:\\\/\\\/www.immobilientoskana.com\\\/it\\\/#organization\",\"name\":\"Toskana-ImmobilienImmobilienagentur Futuro Felice\",\"url\":\"https:\\\/\\\/www.immobilientoskana.com\\\/it\\\/\",\"logo\":{\"@type\":\"ImageObject\",\"inLanguage\":\"it-IT\",\"@id\":\"https:\\\/\\\/www.immobilientoskana.com\\\/it\\\/#\\\/schema\\\/logo\\\/image\\\/\",\"url\":\"https:\\\/\\\/www.immobilientoskana.com\\\/wp-content\\\/uploads\\\/immo_logo_small.png\",\"contentUrl\":\"https:\\\/\\\/www.immobilientoskana.com\\\/wp-content\\\/uploads\\\/immo_logo_small.png\",\"width\":1200,\"height\":200,\"caption\":\"Toskana-ImmobilienImmobilienagentur Futuro Felice\"},\"image\":{\"@id\":\"https:\\\/\\\/www.immobilientoskana.com\\\/it\\\/#\\\/schema\\\/logo\\\/image\\\/\"},\"sameAs\":[\"https:\\\/\\\/www.facebook.com\\\/kristina.schmidt.900\",\"https:\\\/\\\/www.linkedin.com\\\/in\\\/kristina-schmidt-002a4a39\"]}]}<\/script>\n<!-- \/ Yoast SEO plugin. -->","yoast_head_json":{"title":"Riserva di caccia nei pressi di Castelfalfi - Toskana-Immobilien","robots":{"index":"index","follow":"follow","max-snippet":"max-snippet:-1","max-image-preview":"max-image-preview:large","max-video-preview":"max-video-preview:-1"},"canonical":"https:\/\/www.immobilientoskana.com\/it\/immo\/riserva-di-caccia-nei-pressi-di-castelfalfi\/","og_locale":"it_IT","og_type":"article","og_title":"Riserva di caccia nei pressi di Castelfalfi - Toskana-Immobilien","og_url":"https:\/\/www.immobilientoskana.com\/it\/immo\/riserva-di-caccia-nei-pressi-di-castelfalfi\/","og_site_name":"Toskana-Immobilien","article_publisher":"https:\/\/www.facebook.com\/kristina.schmidt.900","article_modified_time":"2026-04-23T11:42:45+00:00","og_image":[{"width":1000,"height":747,"url":"https:\/\/www.immobilientoskana.com\/wp-content\/uploads\/Jagdrevier_San-Vivaldo_Toscana_64.jpg","type":"image\/jpeg"}],"twitter_card":"summary_large_image","twitter_misc":{"Tempo di lettura stimato":"4 minuti"},"schema":{"@context":"https:\/\/schema.org","@graph":[{"@type":"WebPage","@id":"https:\/\/www.immobilientoskana.com\/it\/immo\/riserva-di-caccia-nei-pressi-di-castelfalfi\/","url":"https:\/\/www.immobilientoskana.com\/it\/immo\/riserva-di-caccia-nei-pressi-di-castelfalfi\/","name":"Riserva di caccia nei pressi di Castelfalfi - Toskana-Immobilien","isPartOf":{"@id":"https:\/\/www.immobilientoskana.com\/it\/#website"},"primaryImageOfPage":{"@id":"https:\/\/www.immobilientoskana.com\/it\/immo\/riserva-di-caccia-nei-pressi-di-castelfalfi\/#primaryimage"},"image":{"@id":"https:\/\/www.immobilientoskana.com\/it\/immo\/riserva-di-caccia-nei-pressi-di-castelfalfi\/#primaryimage"},"thumbnailUrl":"https:\/\/www.immobilientoskana.com\/wp-content\/uploads\/Jagdrevier_San-Vivaldo_Toscana_64.jpg","datePublished":"2026-04-18T05:20:30+00:00","dateModified":"2026-04-23T11:42:45+00:00","breadcrumb":{"@id":"https:\/\/www.immobilientoskana.com\/it\/immo\/riserva-di-caccia-nei-pressi-di-castelfalfi\/#breadcrumb"},"inLanguage":"it-IT","potentialAction":[{"@type":"ReadAction","target":["https:\/\/www.immobilientoskana.com\/it\/immo\/riserva-di-caccia-nei-pressi-di-castelfalfi\/"]}]},{"@type":"ImageObject","inLanguage":"it-IT","@id":"https:\/\/www.immobilientoskana.com\/it\/immo\/riserva-di-caccia-nei-pressi-di-castelfalfi\/#primaryimage","url":"https:\/\/www.immobilientoskana.com\/wp-content\/uploads\/Jagdrevier_San-Vivaldo_Toscana_64.jpg","contentUrl":"https:\/\/www.immobilientoskana.com\/wp-content\/uploads\/Jagdrevier_San-Vivaldo_Toscana_64.jpg","width":1000,"height":747},{"@type":"BreadcrumbList","@id":"https:\/\/www.immobilientoskana.com\/it\/immo\/riserva-di-caccia-nei-pressi-di-castelfalfi\/#breadcrumb","itemListElement":[{"@type":"ListItem","position":1,"name":"Startseite","item":"https:\/\/www.immobilientoskana.com\/it\/"},{"@type":"ListItem","position":2,"name":"Propriet\u00e0","item":"https:\/\/www.immobilientoskana.com\/it\/immo\/"},{"@type":"ListItem","position":3,"name":"Riserva di caccia nei pressi di Castelfalfi"}]},{"@type":"WebSite","@id":"https:\/\/www.immobilientoskana.com\/it\/#website","url":"https:\/\/www.immobilientoskana.com\/it\/","name":"Toskana-Immobilien","description":"Ankommen in der Toskana mit Kristina Schmidt","publisher":{"@id":"https:\/\/www.immobilientoskana.com\/it\/#organization"},"potentialAction":[{"@type":"SearchAction","target":{"@type":"EntryPoint","urlTemplate":"https:\/\/www.immobilientoskana.com\/it\/?s={search_term_string}"},"query-input":{"@type":"PropertyValueSpecification","valueRequired":true,"valueName":"search_term_string"}}],"inLanguage":"it-IT"},{"@type":"Organization","@id":"https:\/\/www.immobilientoskana.com\/it\/#organization","name":"Toskana-ImmobilienImmobilienagentur Futuro Felice","url":"https:\/\/www.immobilientoskana.com\/it\/","logo":{"@type":"ImageObject","inLanguage":"it-IT","@id":"https:\/\/www.immobilientoskana.com\/it\/#\/schema\/logo\/image\/","url":"https:\/\/www.immobilientoskana.com\/wp-content\/uploads\/immo_logo_small.png","contentUrl":"https:\/\/www.immobilientoskana.com\/wp-content\/uploads\/immo_logo_small.png","width":1200,"height":200,"caption":"Toskana-ImmobilienImmobilienagentur Futuro Felice"},"image":{"@id":"https:\/\/www.immobilientoskana.com\/it\/#\/schema\/logo\/image\/"},"sameAs":["https:\/\/www.facebook.com\/kristina.schmidt.900","https:\/\/www.linkedin.com\/in\/kristina-schmidt-002a4a39"]}]}},"_links":{"self":[{"href":"https:\/\/www.immobilientoskana.com\/it\/wp-json\/wp\/v2\/properties\/62281","targetHints":{"allow":["GET"]}}],"collection":[{"href":"https:\/\/www.immobilientoskana.com\/it\/wp-json\/wp\/v2\/properties"}],"about":[{"href":"https:\/\/www.immobilientoskana.com\/it\/wp-json\/wp\/v2\/types\/property"}],"author":[{"embeddable":true,"href":"https:\/\/www.immobilientoskana.com\/it\/wp-json\/wp\/v2\/users\/4"}],"version-history":[{"count":5,"href":"https:\/\/www.immobilientoskana.com\/it\/wp-json\/wp\/v2\/properties\/62281\/revisions"}],"predecessor-version":[{"id":62715,"href":"https:\/\/www.immobilientoskana.com\/it\/wp-json\/wp\/v2\/properties\/62281\/revisions\/62715"}],"wp:featuredmedia":[{"embeddable":true,"href":"https:\/\/www.immobilientoskana.com\/it\/wp-json\/wp\/v2\/media\/62101"}],"wp:attachment":[{"href":"https:\/\/www.immobilientoskana.com\/it\/wp-json\/wp\/v2\/media?parent=62281"}],"wp:term":[{"taxonomy":"property_type","embeddable":true,"href":"https:\/\/www.immobilientoskana.com\/it\/wp-json\/wp\/v2\/property_type?post=62281"},{"taxonomy":"property_status","embeddable":true,"href":"https:\/\/www.immobilientoskana.com\/it\/wp-json\/wp\/v2\/property_status?post=62281"},{"taxonomy":"property_feature","embeddable":true,"href":"https:\/\/www.immobilientoskana.com\/it\/wp-json\/wp\/v2\/property_feature?post=62281"},{"taxonomy":"property_label","embeddable":true,"href":"https:\/\/www.immobilientoskana.com\/it\/wp-json\/wp\/v2\/property_label?post=62281"},{"taxonomy":"property_state","embeddable":true,"href":"https:\/\/www.immobilientoskana.com\/it\/wp-json\/wp\/v2\/property_state?post=62281"},{"taxonomy":"property_city","embeddable":true,"href":"https:\/\/www.immobilientoskana.com\/it\/wp-json\/wp\/v2\/property_city?post=62281"}],"curies":[{"name":"wp","href":"https:\/\/api.w.org\/{rel}","templated":true}]}}